{"id":1680,"date":"2025-03-07T16:28:08","date_gmt":"2025-03-07T15:28:08","guid":{"rendered":"https:\/\/fincalaconcepcionmarbella.com\/finca-la-concepcion-events\/"},"modified":"2025-03-20T10:21:38","modified_gmt":"2025-03-20T09:21:38","slug":"finca-la-concepcion-events","status":"publish","type":"page","link":"https:\/\/fincalaconcepcionmarbella.com\/en\/finca-la-concepcion-events\/","title":{"rendered":"Finca La Concepci\u00f3n Events"},"content":{"rendered":"<p><div id=\"landing_form\" class=\"fusion-container-anchor\"><div class=\"fusion-fullwidth fullwidth-box fusion-builder-row-1 fusion-flex-container has-pattern-background has-mask-background fusion-parallax-none nonhundred-percent-fullwidth non-hundred-percent-height-scrolling lazyload\" style=\"--awb-border-radius-top-left:0px;--awb-border-radius-top-right:0px;--awb-border-radius-bottom-right:0px;--awb-border-radius-bottom-left:0px;--awb-padding-top:80px;--awb-padding-bottom:80px;--awb-background-image:linear-gradient(180deg, rgba(0,0,0,0.24) 0%,rgba(0,0,0,0.68) 100%);;--awb-background-size:cover;--awb-flex-wrap:wrap;\" data-bg=\"https:\/\/fincalaconcepcionmarbella.com\/24cpanel\/wp-content\/uploads\/2024\/10\/finca-la-concepcion-bodas-2024-16.jpg\" data-bg-gradient=\"linear-gradient(180deg, rgba(0,0,0,0.24) 0%,rgba(0,0,0,0.68) 100%)\" ><div class=\"fusion-builder-row fusion-row fusion-flex-align-items-flex-start fusion-flex-content-wrap\" style=\"max-width:1497.6px;margin-left: calc(-4% \/ 2 );margin-right: calc(-4% \/ 2 );\"><div class=\"fusion-layout-column fusion_builder_column fusion-builder-column-0 fusion_builder_column_1_2 1_2 fusion-flex-column fusion-flex-align-self-center\" style=\"--awb-bg-size:cover;--awb-width-large:50%;--awb-margin-top-large:0px;--awb-spacing-right-large:3.84%;--awb-margin-bottom-large:0px;--awb-spacing-left-large:3.84%;--awb-width-medium:100%;--awb-order-medium:0;--awb-spacing-right-medium:1.92%;--awb-spacing-left-medium:1.92%;--awb-width-small:100%;--awb-order-small:0;--awb-spacing-right-small:1.92%;--awb-spacing-left-small:1.92%;\"><div class=\"fusion-column-wrapper fusion-column-has-shadow fusion-flex-justify-content-flex-start fusion-content-layout-column\"><div class=\"fusion-title title fusion-title-1 fusion-no-small-visibility fusion-no-medium-visibility fusion-sep-none fusion-title-text fusion-title-size-one\" style=\"--awb-text-color:var(--awb-color1);--awb-margin-bottom:24px;\"><h1 class=\"fusion-title-heading title-heading-left md-text-align-center sm-text-align-center\" style=\"margin:0;\"><h1>Events and Meetings<\/h1><\/h1><\/div><div class=\"fusion-title title fusion-title-2 fusion-no-large-visibility fusion-sep-none fusion-title-text fusion-title-size-one\" style=\"--awb-text-color:var(--awb-color1);--awb-margin-bottom:24px;\"><h1 class=\"fusion-title-heading title-heading-left md-text-align-center sm-text-align-center\" style=\"margin:0;\"><h1 style=\"text-align: center;\">Events and Meetings<\/h1><\/h1><\/div><div class=\"fusion-separator fusion-no-small-visibility fusion-no-medium-visibility\" style=\"align-self: flex-start;margin-right:auto;margin-top:12px;margin-bottom:24px;width:100%;max-width:24%;\"><div class=\"fusion-separator-border sep-single sep-solid\" style=\"--awb-height:20px;--awb-amount:20px;--awb-sep-color:var(--awb-color1);border-color:var(--awb-color1);border-top-width:1px;\"><\/div><\/div><div class=\"fusion-separator fusion-no-large-visibility\" style=\"align-self: center;margin-left: auto;margin-right: auto;margin-top:12px;margin-bottom:24px;width:100%;max-width:24%;\"><div class=\"fusion-separator-border sep-single sep-solid\" style=\"--awb-height:20px;--awb-amount:20px;--awb-sep-color:var(--awb-color1);border-color:var(--awb-color1);border-top-width:1px;\"><\/div><\/div><div class=\"fusion-title title fusion-title-3 fusion-sep-none fusion-title-text fusion-title-size-two\" style=\"--awb-text-color:var(--awb-color1);--awb-margin-bottom:20px;--awb-font-size:26px;\"><h2 class=\"fusion-title-heading title-heading-left md-text-align-center sm-text-align-center\" style=\"font-family:&#039;Times New Roman&#039;, Times,serif;font-style:normal;font-weight:400;margin:0;font-size:1em;line-height:1.4;\"><p class=\"fusion-title-heading title-heading-center\">A unique space for exclusive celebrations and events in Marbella<\/p><\/h2><\/div><div class=\"fusion-text fusion-text-1 md-text-align-center sm-text-align-center\" style=\"--awb-font-size:16px;--awb-text-color:var(--awb-color1);\"><p>In addition to a charming place, La Concepci\u00f3n has a past that gives it a touch of legend.<br \/>\nIn its origins, it was always a place with activities related to the river called Verde, whose course runs next to it, being in the mid-nineteenth century, the first iron foundry in Spain.<\/p>\n<p>Today, this beautiful and carefully restored site is a unique place where everything is available for the realization of your dreams.<\/p>\n<p>We invite you to enjoy this exceptional environment where the murmur of the water of the fountains, the tropical vegetation and the majesty of the house, will make you feel all the magic of Andalusia.<\/p>\n<\/div><\/div><\/div><div class=\"fusion-layout-column fusion_builder_column fusion-builder-column-1 fusion_builder_column_1_2 1_2 fusion-flex-column fusion-flex-align-self-center\" style=\"--awb-padding-top:30px;--awb-padding-right:30px;--awb-padding-bottom:15px;--awb-padding-left:30px;--awb-bg-color:rgba(0,0,0,0.48);--awb-bg-color-hover:rgba(0,0,0,0.48);--awb-bg-size:cover;--awb-width-large:50%;--awb-margin-top-large:0px;--awb-spacing-right-large:3.84%;--awb-margin-bottom-large:0px;--awb-spacing-left-large:3.84%;--awb-width-medium:100%;--awb-order-medium:0;--awb-spacing-right-medium:1.92%;--awb-spacing-left-medium:1.92%;--awb-width-small:100%;--awb-order-small:0;--awb-spacing-right-small:1.92%;--awb-spacing-left-small:1.92%;\" data-scroll-devices=\"small-visibility,medium-visibility,large-visibility\"><div class=\"fusion-column-wrapper fusion-column-has-shadow fusion-flex-justify-content-flex-start fusion-content-layout-column\"><div class=\"fusion-title title fusion-title-4 fusion-sep-none fusion-title-center fusion-title-text fusion-title-size-two\" style=\"--awb-text-color:var(--awb-color1);--awb-margin-bottom:20px;--awb-font-size:36px;\"><h2 class=\"fusion-title-heading title-heading-center\" style=\"margin:0;font-size:1em;line-height:1.4;\"><h2 class=\"fusion-title-heading title-heading-center\">Request for information<\/h2><\/h2><\/div><div class=\"fusion-separator\" style=\"align-self: center;margin-left: auto;margin-right: auto;margin-top:0px;margin-bottom:15px;width:100%;max-width:24%;\"><div class=\"fusion-separator-border sep-single sep-solid\" style=\"--awb-height:20px;--awb-amount:20px;--awb-sep-color:var(--awb-color1);border-color:var(--awb-color1);border-top-width:1px;\"><\/div><\/div><div class=\"fusion-form fusion-form-builder fusion-form-form-wrapper fusion-form-1684 has-icon-alignment\" style=\"--awb-tooltip-text-color:#ffffff;--awb-tooltip-background-color:#333333;--awb-field-margin-top:10px;--awb-field-margin-bottom:10px;--awb-form-input-height:40px;--awb-label-font-size:12px;--awb-form-font-size:12px;--awb-form-placeholder-color:var(--awb-color7);--awb-form-text-color:var(--awb-color4);--awb-form-label-color:var(--awb-color2);--awb-form-border-width-top:0px;--awb-form-border-width-bottom:0px;--awb-form-border-width-right:0px;--awb-form-border-width-left:0px;--awb-form-border-radius:0px;--awb-icon-alignment-top:0px;--awb-icon-alignment-bottom:0px;--awb-icon-alignment-font-size:12px;\" data-form-id=\"1684\" data-config=\"{&quot;form_id&quot;:1684,&quot;form_post_id&quot;:1684,&quot;post_id&quot;:1680,&quot;form_type&quot;:&quot;ajax&quot;,&quot;confirmation_type&quot;:&quot;redirect&quot;,&quot;redirect_url&quot;:&quot;https:\\\/\\\/fincalaconcepcionmarbella.com\\\/en\\\/thank-you\\\/&quot;,&quot;field_labels&quot;:{&quot;name&quot;:&quot;&quot;,&quot;email&quot;:&quot;&quot;,&quot;phone&quot;:&quot;&quot;,&quot;date&quot;:&quot;&quot;,&quot;guests&quot;:&quot;&quot;,&quot;flexible&quot;:&quot;Is the date of the event flexible?&quot;,&quot;location&quot;:&quot;Will the ceremony take place at the venue?&quot;,&quot;agree_1&quot;:&quot;&quot;,&quot;read_en_1&quot;:&quot;I have read and accept the Privacy Policy&quot;},&quot;field_logics&quot;:{&quot;name&quot;:&quot;&quot;,&quot;email&quot;:&quot;&quot;,&quot;phone&quot;:&quot;&quot;,&quot;date&quot;:&quot;&quot;,&quot;guests&quot;:&quot;&quot;,&quot;flexible&quot;:&quot;&quot;,&quot;location&quot;:&quot;&quot;,&quot;agree_1&quot;:&quot;&quot;,&quot;read_en_1&quot;:&quot;&quot;,&quot;submit_1&quot;:&quot;&quot;,&quot;notice_1&quot;:&quot;&quot;},&quot;field_types&quot;:{&quot;name&quot;:&quot;text&quot;,&quot;email&quot;:&quot;email&quot;,&quot;phone&quot;:&quot;phone_number&quot;,&quot;date&quot;:&quot;date&quot;,&quot;guests&quot;:&quot;number&quot;,&quot;flexible&quot;:&quot;checkbox&quot;,&quot;location&quot;:&quot;checkbox&quot;,&quot;agree_1&quot;:&quot;consent&quot;,&quot;read_en_1&quot;:&quot;consent&quot;,&quot;recaptcha_1&quot;:&quot;recaptcha&quot;,&quot;submit_1&quot;:&quot;submit&quot;,&quot;notice_1&quot;:&quot;notice&quot;},&quot;nonce_method&quot;:&quot;ajax&quot;,&quot;form_views&quot;:&quot;ajax&quot;,&quot;form_views_counting&quot;:&quot;all&quot;}\"><form action=\"https:\/\/fincalaconcepcionmarbella.com\/en\/finca-la-concepcion-events\/\" method=\"post\" class=\"fusion-form fusion-form-1684\"><div class=\"fusion-fullwidth fullwidth-box fusion-builder-row-1-1 fusion-flex-container has-pattern-background has-mask-background nonhundred-percent-fullwidth non-hundred-percent-height-scrolling\" style=\"--awb-border-radius-top-left:0px;--awb-border-radius-top-right:0px;--awb-border-radius-bottom-right:0px;--awb-border-radius-bottom-left:0px;--awb-margin-bottom:6%;--awb-margin-bottom-medium:4%;--awb-margin-bottom-small:4%;--awb-flex-wrap:wrap;\" ><div class=\"fusion-builder-row fusion-row fusion-flex-align-items-flex-start fusion-flex-content-wrap\" style=\"width:104% !important;max-width:104% !important;margin-left: calc(-4% \/ 2 );margin-right: calc(-4% \/ 2 );\"><div class=\"fusion-layout-column fusion_builder_column fusion-builder-column-2 fusion_builder_column_1_1 1_1 fusion-flex-column\" style=\"--awb-bg-size:cover;--awb-width-large:100%;--awb-flex-grow:0;--awb-flex-shrink:0;--awb-margin-top-large:0px;--awb-spacing-right-large:1.92%;--awb-margin-bottom-large:0px;--awb-spacing-left-large:1.92%;--awb-width-medium:100%;--awb-order-medium:0;--awb-flex-grow-medium:0;--awb-flex-shrink-medium:0;--awb-spacing-right-medium:1.92%;--awb-spacing-left-medium:1.92%;--awb-width-small:100%;--awb-order-small:0;--awb-flex-grow-small:0;--awb-flex-shrink-small:0;--awb-spacing-right-small:1.92%;--awb-spacing-left-small:1.92%;\"><div class=\"fusion-column-wrapper fusion-column-has-shadow fusion-flex-justify-content-flex-start fusion-content-layout-column\"><div class=\"fusion-builder-row fusion-builder-row-inner fusion-row fusion-flex-align-items-flex-start fusion-flex-content-wrap\" style=\"width:104% !important;max-width:104% !important;margin-left: calc(-4% \/ 2 );margin-right: calc(-4% \/ 2 );\"><div class=\"fusion-layout-column fusion_builder_column_inner fusion-builder-nested-column-0 fusion_builder_column_inner_1_2 1_2 fusion-flex-column\" style=\"--awb-bg-size:cover;--awb-width-large:50%;--awb-margin-top-large:0px;--awb-spacing-right-large:3.84%;--awb-margin-bottom-large:0px;--awb-spacing-left-large:3.84%;--awb-width-medium:100%;--awb-order-medium:0;--awb-spacing-right-medium:1.92%;--awb-spacing-left-medium:1.92%;--awb-width-small:100%;--awb-order-small:0;--awb-spacing-right-small:1.92%;--awb-spacing-left-small:1.92%;\"><div class=\"fusion-column-wrapper fusion-column-has-shadow fusion-flex-justify-content-flex-start fusion-content-layout-column\"><div class=\"fusion-form-field fusion-form-text-field fusion-form-label-above\" style=\"\" data-form-id=\"1684\"><input type=\"text\" autocomplete=\"off\"  data-empty-notice=\"Don't forget to fill in this field, it is necessary!\" name=\"name\" id=\"name\" value=\"\"  class=\"fusion-form-input\" required=\"true\" aria-required=\"true\" placeholder=\"Name *\" data-holds-private-data=\"false\" minlength=\"0\"\/><\/div><\/div><\/div><div class=\"fusion-layout-column fusion_builder_column_inner fusion-builder-nested-column-1 fusion_builder_column_inner_1_2 1_2 fusion-flex-column\" style=\"--awb-bg-size:cover;--awb-width-large:50%;--awb-margin-top-large:0px;--awb-spacing-right-large:3.84%;--awb-margin-bottom-large:0px;--awb-spacing-left-large:3.84%;--awb-width-medium:100%;--awb-order-medium:0;--awb-spacing-right-medium:1.92%;--awb-spacing-left-medium:1.92%;--awb-width-small:100%;--awb-order-small:0;--awb-spacing-right-small:1.92%;--awb-spacing-left-small:1.92%;\"><div class=\"fusion-column-wrapper fusion-column-has-shadow fusion-flex-justify-content-flex-start fusion-content-layout-column\"><div class=\"fusion-form-field fusion-form-email-field fusion-form-label-above\" style=\"\" data-form-id=\"1684\"><input type=\"email\" autocomplete=\"off\"  data-empty-notice=\"Don't forget to fill in this field, it is necessary!\" name=\"email\" id=\"email\" value=\"\"  class=\"fusion-form-input\" required=\"true\" aria-required=\"true\" placeholder=\"Email *\" data-holds-private-data=\"false\"\/><\/div><\/div><\/div><\/div><div class=\"fusion-builder-row fusion-builder-row-inner fusion-row fusion-flex-align-items-flex-start fusion-flex-content-wrap\" style=\"width:104% !important;max-width:104% !important;margin-left: calc(-4% \/ 2 );margin-right: calc(-4% \/ 2 );\"><div class=\"fusion-layout-column fusion_builder_column_inner fusion-builder-nested-column-2 fusion_builder_column_inner_1_2 1_2 fusion-flex-column\" style=\"--awb-bg-size:cover;--awb-width-large:50%;--awb-margin-top-large:0px;--awb-spacing-right-large:3.84%;--awb-margin-bottom-large:0px;--awb-spacing-left-large:3.84%;--awb-width-medium:100%;--awb-order-medium:0;--awb-spacing-right-medium:1.92%;--awb-spacing-left-medium:1.92%;--awb-width-small:100%;--awb-order-small:0;--awb-spacing-right-small:1.92%;--awb-spacing-left-small:1.92%;\"><div class=\"fusion-column-wrapper fusion-column-has-shadow fusion-flex-justify-content-flex-start fusion-content-layout-column\"><div class=\"fusion-form-field fusion-form-phone-number-field fusion-form-label-above\" style=\"\" data-form-id=\"1684\"><input type=\"tel\" autocomplete=\"off\"  data-empty-notice=\"No olvides rellenar este campo, es necesario!\" name=\"phone\" id=\"phone\" value=\"\"  class=\"fusion-form-input\" required=\"true\" aria-required=\"true\" placeholder=\"Phone *\" data-holds-private-data=\"false\"\/><\/div><\/div><\/div><div class=\"fusion-layout-column fusion_builder_column_inner fusion-builder-nested-column-3 fusion_builder_column_inner_1_2 1_2 fusion-flex-column\" style=\"--awb-bg-size:cover;--awb-width-large:50%;--awb-margin-top-large:0px;--awb-spacing-right-large:3.84%;--awb-margin-bottom-large:0px;--awb-spacing-left-large:3.84%;--awb-width-medium:100%;--awb-order-medium:0;--awb-spacing-right-medium:1.92%;--awb-spacing-left-medium:1.92%;--awb-width-small:100%;--awb-order-small:0;--awb-spacing-right-small:1.92%;--awb-spacing-left-small:1.92%;\"><div class=\"fusion-column-wrapper fusion-column-has-shadow fusion-flex-justify-content-flex-start fusion-content-layout-column\"><div class=\"fusion-form-field fusion-form-date-field fusion-form-label-above\" style=\"\" data-form-id=\"1684\"><input autocomplete=\"off\" type=\"date\" data-empty-notice=\"Don&#039;t forget to fill in this field, it is necessary!\"  data-first-day=\"1\"  data-format=\"\" tabindex=\"\" id=\"date\" name=\"date\" data-type=\"custom\" value=\"\" data-holds-private-data=\"false\" class=\"fusion-form-input\" required=\"true\" aria-required=\"true\" placeholder=\"Date of the event *\"autocomplete=\"no\"\/><\/div><\/div><\/div><\/div><div class=\"fusion-builder-row fusion-builder-row-inner fusion-row fusion-flex-align-items-flex-start fusion-flex-content-wrap\" style=\"width:104% !important;max-width:104% !important;margin-left: calc(-4% \/ 2 );margin-right: calc(-4% \/ 2 );\"><div class=\"fusion-layout-column fusion_builder_column_inner fusion-builder-nested-column-4 fusion_builder_column_inner_1_2 1_2 fusion-flex-column\" style=\"--awb-bg-size:cover;--awb-width-large:50%;--awb-margin-top-large:0px;--awb-spacing-right-large:3.84%;--awb-margin-bottom-large:0px;--awb-spacing-left-large:3.84%;--awb-width-medium:100%;--awb-order-medium:0;--awb-spacing-right-medium:1.92%;--awb-spacing-left-medium:1.92%;--awb-width-small:100%;--awb-order-small:0;--awb-spacing-right-small:1.92%;--awb-spacing-left-small:1.92%;\"><div class=\"fusion-column-wrapper fusion-column-has-shadow fusion-flex-justify-content-flex-start fusion-content-layout-column\"><div class=\"fusion-form-field fusion-form-number-field fusion-form-label-above\" style=\"\" data-form-id=\"1684\"><input type=\"number\" autocomplete=\"off\"  data-invalid-notice=\"Please enter an approximate number of guests\"  data-empty-notice=\"Don't forget to fill in this field, it is necessary!\" name=\"guests\" id=\"guests\" value=\"\"  class=\"fusion-form-input\" required=\"true\" aria-required=\"true\" placeholder=\"Number of guests *\" data-holds-private-data=\"false\" min=\"0\" max=\"10000\"\/><\/div><div class=\"fusion-form-field fusion-form-checkbox-field fusion-form-label-above\" style=\"\" data-form-id=\"1684\"><fieldset data-awb-fieldset-min-required=\"1\" data-awb-fieldset-max-required=\"1\" data-awb-fieldset-error=\"Please select one of the two options\"><legend class=\"fusion-form-label-wrapper\"><span class=\"label\">Is the date of the event flexible? <abbr class=\"fusion-form-element-required\" title=\"Please select one of the two options\">*<\/abbr><\/span><\/legend><div class=\"fusion-form-checkbox option-inline\"><input data-empty-notice=\"Please select one of the two options\" tabindex=\"\" id=\"checkbox-flexible-1-0\" type=\"checkbox\" value=\"YES\" name=\"flexible[]\" class=\"fusion-form-input\" data-holds-private-data=\"false\"\/><label for=\"checkbox-flexible-1-0\">YES<\/label><\/div><div class=\"fusion-form-checkbox option-inline\"><input data-empty-notice=\"Please select one of the two options\" tabindex=\"\" id=\"checkbox-flexible-1-1\" type=\"checkbox\" value=\"NO\" name=\"flexible[]\" class=\"fusion-form-input\" data-holds-private-data=\"false\"\/><label for=\"checkbox-flexible-1-1\">NO<\/label><\/div><\/fieldset><\/div><div class=\"fusion-form-field fusion-form-checkbox-field fusion-form-label-above\" style=\"\" data-form-id=\"1684\"><fieldset data-awb-fieldset-min-required=\"1\" data-awb-fieldset-max-required=\"1\" data-awb-fieldset-error=\"Please select one of the two options\"><legend class=\"fusion-form-label-wrapper\"><span class=\"label\">Will the ceremony take place at the venue? <abbr class=\"fusion-form-element-required\" title=\"Please select one of the two options\">*<\/abbr><\/span><\/legend><div class=\"fusion-form-checkbox option-inline\"><input data-empty-notice=\"Please select one of the two options\" tabindex=\"\" id=\"checkbox-location-2-0\" type=\"checkbox\" value=\"YES\" name=\"location[]\" class=\"fusion-form-input\" data-holds-private-data=\"false\"\/><label for=\"checkbox-location-2-0\">YES<\/label><\/div><div class=\"fusion-form-checkbox option-inline\"><input data-empty-notice=\"Please select one of the two options\" tabindex=\"\" id=\"checkbox-location-2-1\" type=\"checkbox\" value=\"NO\" name=\"location[]\" class=\"fusion-form-input\" data-holds-private-data=\"false\"\/><label for=\"checkbox-location-2-1\">NO<\/label><\/div><\/fieldset><\/div><div class=\"fusion-form-field fusion-form-consent-field fusion-form-label-above\" style=\"\" data-form-id=\"1684\"><div class=\"fusion-form-checkbox option-inline\"><input tabindex=\"\" id=\"agree_1\" type=\"checkbox\" value=\"1\" name=\"agree_1\" class=\"fusion-form-input\"\/><label for=\"agree_1\">I agree to the use of my details for information purposes (optional)<\/label><\/div><\/div><\/div><\/div><div class=\"fusion-layout-column fusion_builder_column_inner fusion-builder-nested-column-5 fusion_builder_column_inner_1_2 1_2 fusion-flex-column\" style=\"--awb-bg-size:cover;--awb-width-large:50%;--awb-margin-top-large:0px;--awb-spacing-right-large:3.84%;--awb-margin-bottom-large:0px;--awb-spacing-left-large:3.84%;--awb-width-medium:100%;--awb-order-medium:0;--awb-spacing-right-medium:1.92%;--awb-spacing-left-medium:1.92%;--awb-width-small:100%;--awb-order-small:0;--awb-spacing-right-small:1.92%;--awb-spacing-left-small:1.92%;\"><div class=\"fusion-column-wrapper fusion-column-has-shadow fusion-flex-justify-content-flex-start fusion-content-layout-column\"><div class=\"fusion-form-field fusion-form-consent-field fusion-form-label-above\" style=\"\" data-form-id=\"1684\"><div class=\"fusion-form-label-wrapper\"><label for=\"read_en_1\">I have read and accept the Privacy Policy <abbr class=\"fusion-form-element-required\" title=\"required\">*<\/abbr><\/label><\/div><div class=\"fusion-form-checkbox option-inline\"><input tabindex=\"\" id=\"read_en_1\" type=\"checkbox\" value=\"1\" name=\"read_en_1\" class=\"fusion-form-input\" required=\"true\" aria-required=\"true\"\/><label for=\"read_en_1\">Your data will be processed by Todoinmuebles Ionass S.L. for the sole purpose of responding to your query or request. They will not be transferred to any third party. Our retention period, if you are not a customer, is 1 year. You can exercise your rights of access, rectification, opposition, deletion, portability, limitation and not to be subject to automated decisions in our mail info@fincalaconcepcionmarbella.com. You can find more information about data processing in our \u00a0<a href=\"https:\/\/www.fincalaconcepcionmarbella.com\/aviso-proteccion-cookies\/\"><strong>Privacy Policy<\/strong><\/a>.<\/label><\/div><\/div><\/div><\/div><\/div><div class=\"fusion-form-field fusion-form-recaptcha-field fusion-form-label-above\" style=\"\" data-form-id=\"1684\">\t\t\t\t<div class=\"form-creator-recaptcha\" >\n\t\t\t\t\t\t\t\t\t\t\t\t\t\t\t\t\t\t\t\t\t\t\t\t<div\n\t\t\t\t\t\t\tid=\"g-recaptcha-id-form-1684\"\n\t\t\t\t\t\t\tclass=\"fusion-form-recaptcha-v3 recaptcha-container  fusion-form-hide-recaptcha-badge\"\n\t\t\t\t\t\t\tdata-sitekey=\"6Lc4HUseAAAAAP0yQg30jIhavRCfOzbxTP3ayBkY\"\n\t\t\t\t\t\t\tdata-badge=\"hide\">\n\t\t\t\t\t\t<\/div>\n\t\t\t\t\t\t<input\n\t\t\t\t\t\t\ttype=\"hidden\"\n\t\t\t\t\t\t\tname=\"fusion-form-recaptcha-response\"\n\t\t\t\t\t\t\tclass=\"g-recaptcha-response\"\n\t\t\t\t\t\t\tid=\"fusion-form-recaptcha-response-1684\"\n\t\t\t\t\t\t\tvalue=\"\">\n\t\t\t\t\t\t\t\t\t\t\t\t\t\t\t<\/div>\n\t\t\t\t<\/div><div class=\"fusion-form-field fusion-form-submit-field fusion-form-label-above\" style=\"\" data-form-id=\"1684\"><div style=\"text-align:center;\"><button type=\"submit\" class=\"fusion-button button-flat fusion-button-default-size button-default fusion-button-default button-1 fusion-button-default-span  button-default form-form-submit\" style=\"width:calc(100%);\" data-form-number=\"1684\" tabindex=\"\"><span class=\"fusion-button-text awb-button__text awb-button__text--default\">Send request<\/span><\/button><\/div><\/div><div class=\"form-submission-notices data-notice_1\" id=\"fusion-notices-1\"><div class=\"fusion-alert alert success alert-success fusion-alert-center fusion-form-response fusion-form-response-success fusion-alert-capitalize awb-alert-native-link-color alert-dismissable awb-alert-close-boxed\" style=\"--awb-margin-top:2%;--awb-margin-right:2%;--awb-margin-bottom:2%;--awb-margin-left:2%;\" role=\"alert\"><div class=\"fusion-alert-content-wrapper\"><span class=\"alert-icon\"><i class=\"awb-icon-check-circle\" aria-hidden=\"true\"><\/i><\/span><span class=\"fusion-alert-content\">Thank you for your message. It has been sent.<\/span><\/div><button type=\"button\" class=\"close toggle-alert\" data-dismiss=\"alert\" aria-label=\"Close\">&times;<\/button><\/div><div class=\"fusion-alert alert error alert-danger fusion-alert-center fusion-form-response fusion-form-response-error fusion-alert-capitalize awb-alert-native-link-color alert-dismissable awb-alert-close-boxed\" style=\"--awb-margin-top:2%;--awb-margin-right:2%;--awb-margin-bottom:2%;--awb-margin-left:2%;\" role=\"alert\"><div class=\"fusion-alert-content-wrapper\"><span class=\"alert-icon\"><i class=\"awb-icon-exclamation-triangle\" aria-hidden=\"true\"><\/i><\/span><span class=\"fusion-alert-content\">An error occurred while trying to send your message. Please try again later.<\/span><\/div><button type=\"button\" class=\"close toggle-alert\" data-dismiss=\"alert\" aria-label=\"Close\">&times;<\/button><\/div><\/div><\/div><\/div><\/div><\/div><input type=\"hidden\" name=\"fusion_privacy_store_ip_ua\" value=\"false\"><input type=\"hidden\" name=\"fusion_privacy_expiration_interval\" value=\"48\"><input type=\"hidden\" name=\"privacy_expiration_action\" value=\"anonymize\"><\/form><\/div><\/div><\/div><\/div><\/div><\/div><div class=\"fusion-fullwidth fullwidth-box fusion-builder-row-2 fusion-flex-container has-pattern-background has-mask-background nonhundred-percent-fullwidth non-hundred-percent-height-scrolling fusion-no-small-visibility fusion-no-medium-visibility\" style=\"--awb-border-radius-top-left:0px;--awb-border-radius-top-right:0px;--awb-border-radius-bottom-right:0px;--awb-border-radius-bottom-left:0px;--awb-padding-top:80px;--awb-padding-bottom:80px;--awb-flex-wrap:wrap;\" ><div class=\"fusion-builder-row fusion-row fusion-flex-align-items-flex-start fusion-flex-justify-content-center fusion-flex-content-wrap\" style=\"max-width:1497.6px;margin-left: calc(-4% \/ 2 );margin-right: calc(-4% \/ 2 );\"><div class=\"fusion-layout-column fusion_builder_column fusion-builder-column-3 fusion_builder_column_1_1 1_1 fusion-flex-column fusion-animated\" style=\"--awb-padding-top:80px;--awb-padding-right:80px;--awb-padding-bottom:80px;--awb-padding-left:80px;--awb-bg-color:hsla(var(--awb-color8-h),var(--awb-color8-s),calc(var(--awb-color8-l) - 5%),var(--awb-color8-a));--awb-bg-color-hover:hsla(var(--awb-color8-h),var(--awb-color8-s),calc(var(--awb-color8-l) - 5%),var(--awb-color8-a));--awb-bg-size:cover;--awb-width-large:100%;--awb-flex-grow:0;--awb-flex-shrink:0;--awb-margin-top-large:0px;--awb-spacing-right-large:1.92%;--awb-margin-bottom-large:0px;--awb-spacing-left-large:1.92%;--awb-width-medium:100%;--awb-order-medium:0;--awb-flex-grow-medium:0;--awb-flex-shrink-medium:0;--awb-spacing-right-medium:1.92%;--awb-spacing-left-medium:1.92%;--awb-width-small:100%;--awb-order-small:0;--awb-flex-grow-small:0;--awb-flex-shrink-small:0;--awb-spacing-right-small:1.92%;--awb-spacing-left-small:1.92%;\" data-animationType=\"fadeInUp\" data-animationDuration=\"1.5\" data-animationDelay=\"0.5\" data-animationOffset=\"top-into-view\" data-scroll-devices=\"small-visibility,medium-visibility,large-visibility\"><div class=\"fusion-column-wrapper fusion-column-has-shadow fusion-flex-justify-content-flex-start fusion-content-layout-column\"><div class=\"fusion-builder-row fusion-builder-row-inner fusion-row fusion-flex-align-items-flex-start fusion-flex-justify-content-center fusion-flex-content-wrap\" style=\"width:104% !important;max-width:104% !important;margin-left: calc(-4% \/ 2 );margin-right: calc(-4% \/ 2 );\"><div class=\"fusion-layout-column fusion_builder_column_inner fusion-builder-nested-column-6 fusion_builder_column_inner_1_3 1_3 fusion-flex-column\" style=\"--awb-bg-size:cover;--awb-width-large:33.333333333333%;--awb-margin-top-large:0px;--awb-spacing-right-large:5.76%;--awb-margin-bottom-large:0px;--awb-spacing-left-large:5.76%;--awb-width-medium:100%;--awb-order-medium:0;--awb-spacing-right-medium:1.92%;--awb-spacing-left-medium:1.92%;--awb-width-small:100%;--awb-order-small:0;--awb-spacing-right-small:1.92%;--awb-spacing-left-small:1.92%;\"><div class=\"fusion-column-wrapper fusion-column-has-shadow fusion-flex-justify-content-flex-start fusion-content-layout-column\"><\/div><\/div><div class=\"fusion-layout-column fusion_builder_column_inner fusion-builder-nested-column-7 fusion_builder_column_inner_1_3 1_3 fusion-flex-column\" style=\"--awb-bg-size:cover;--awb-width-large:33.333333333333%;--awb-margin-top-large:0px;--awb-spacing-right-large:5.76%;--awb-margin-bottom-large:0px;--awb-spacing-left-large:5.76%;--awb-width-medium:100%;--awb-order-medium:0;--awb-spacing-right-medium:1.92%;--awb-spacing-left-medium:1.92%;--awb-width-small:100%;--awb-order-small:0;--awb-spacing-right-small:1.92%;--awb-spacing-left-small:1.92%;\"><div class=\"fusion-column-wrapper fusion-column-has-shadow fusion-flex-justify-content-flex-start fusion-content-layout-column\"><div class=\"fusion-image-element \" style=\"--awb-caption-title-font-family:var(--h2_typography-font-family);--awb-caption-title-font-weight:var(--h2_typography-font-weight);--awb-caption-title-font-style:var(--h2_typography-font-style);--awb-caption-title-size:var(--h2_typography-font-size);--awb-caption-title-transform:var(--h2_typography-text-transform);--awb-caption-title-line-height:var(--h2_typography-line-height);--awb-caption-title-letter-spacing:var(--h2_typography-letter-spacing);\"><span class=\" fusion-imageframe imageframe-none imageframe-1 hover-type-none\"><img decoding=\"async\" width=\"512\" height=\"116\" alt=\"Logotipo Finca La Concepci\u00f3n\" title=\"logo-finca-la-concepcion-blanco-512&#215;116\" src=\"https:\/\/fincalaconcepcionmarbella.com\/24cpanel\/wp-content\/uploads\/2024\/10\/logo-finca-la-concepcion-blanco-512x116-1.png\" data-orig-src=\"https:\/\/fincalaconcepcionmarbella.com\/24cpanel\/wp-content\/uploads\/2024\/10\/logo-finca-la-concepcion-blanco-512x116-1.png\" class=\"lazyload img-responsive wp-image-368\" srcset=\"data:image\/svg+xml,%3Csvg%20xmlns%3D%27http%3A%2F%2Fwww.w3.org%2F2000%2Fsvg%27%20width%3D%27512%27%20height%3D%27116%27%20viewBox%3D%270%200%20512%20116%27%3E%3Crect%20width%3D%27512%27%20height%3D%27116%27%20fill-opacity%3D%220%22%2F%3E%3C%2Fsvg%3E\" data-srcset=\"https:\/\/fincalaconcepcionmarbella.com\/24cpanel\/wp-content\/uploads\/2024\/10\/logo-finca-la-concepcion-blanco-512x116-1-200x45.png 200w, https:\/\/fincalaconcepcionmarbella.com\/24cpanel\/wp-content\/uploads\/2024\/10\/logo-finca-la-concepcion-blanco-512x116-1-400x91.png 400w, https:\/\/fincalaconcepcionmarbella.com\/24cpanel\/wp-content\/uploads\/2024\/10\/logo-finca-la-concepcion-blanco-512x116-1.png 512w\" data-sizes=\"auto\" data-orig-sizes=\"(max-width: 1024px) 100vw, (max-width: 640px) 100vw, 512px\" \/><\/span><\/div><div class=\"fusion-separator fusion-full-width-sep\" style=\"align-self: center;margin-left: auto;margin-right: auto;margin-top:20px;margin-bottom:20px;width:100%;\"><\/div><\/div><\/div><div class=\"fusion-layout-column fusion_builder_column_inner fusion-builder-nested-column-8 fusion_builder_column_inner_1_3 1_3 fusion-flex-column\" style=\"--awb-bg-size:cover;--awb-width-large:33.333333333333%;--awb-margin-top-large:0px;--awb-spacing-right-large:5.76%;--awb-margin-bottom-large:0px;--awb-spacing-left-large:5.76%;--awb-width-medium:100%;--awb-order-medium:0;--awb-spacing-right-medium:1.92%;--awb-spacing-left-medium:1.92%;--awb-width-small:100%;--awb-order-small:0;--awb-spacing-right-small:1.92%;--awb-spacing-left-small:1.92%;\"><div class=\"fusion-column-wrapper fusion-column-has-shadow fusion-flex-justify-content-flex-start fusion-content-layout-column\"><\/div><\/div><\/div><div class=\"fusion-title title fusion-title-5 fusion-title-center fusion-title-text fusion-title-size-four\" style=\"--awb-text-color:var(--awb-color1);--awb-margin-bottom:20px;--awb-font-size:36px;\"><div class=\"title-sep-container title-sep-container-left\"><div class=\"title-sep sep-single sep-solid\" style=\"border-color:var(--awb-color3);\"><\/div><\/div><span class=\"awb-title-spacer\"><\/span><h4 class=\"fusion-title-heading title-heading-center\" style=\"margin:0;font-size:1em;\">SPACES<\/h4><span class=\"awb-title-spacer\"><\/span><div class=\"title-sep-container title-sep-container-right\"><div class=\"title-sep sep-single sep-solid\" style=\"border-color:var(--awb-color3);\"><\/div><\/div><\/div><div class=\"fusion-builder-row fusion-builder-row-inner fusion-row fusion-flex-align-items-flex-start fusion-flex-justify-content-center fusion-flex-content-wrap\" style=\"width:104% !important;max-width:104% !important;margin-left: calc(-4% \/ 2 );margin-right: calc(-4% \/ 2 );\"><div class=\"fusion-layout-column fusion_builder_column_inner fusion-builder-nested-column-9 fusion_builder_column_inner_4_5 4_5 fusion-flex-column\" style=\"--awb-bg-size:cover;--awb-width-large:80%;--awb-margin-top-large:0px;--awb-spacing-right-large:2.4%;--awb-margin-bottom-large:0px;--awb-spacing-left-large:2.4%;--awb-width-medium:100%;--awb-order-medium:0;--awb-spacing-right-medium:1.92%;--awb-spacing-left-medium:1.92%;--awb-width-small:100%;--awb-order-small:0;--awb-spacing-right-small:1.92%;--awb-spacing-left-small:1.92%;\"><div class=\"fusion-column-wrapper fusion-column-has-shadow fusion-flex-justify-content-flex-start fusion-content-layout-column\"><div class=\"fusion-separator fusion-full-width-sep\" style=\"align-self: center;margin-left: auto;margin-right: auto;margin-top:15px;width:100%;\"><\/div><div class=\"fusion-text fusion-text-2 fusion-text-no-margin\" style=\"--awb-content-alignment:center;--awb-font-size:16px;--awb-line-height:1.4;--awb-text-transform:var(--awb-typography4-text-transform);--awb-text-color:var(--awb-color1);--awb-margin-bottom:60px;--awb-text-font-family:&#039;Times New Roman&#039;, Times,serif;--awb-text-font-style:normal;--awb-text-font-weight:400;\"><p>In 1837, in a beautiful natural setting, there was one of the first foundries built in Spain, as well as a small Andalusian village where the workers who worked there lived. When the foundry ceased its activity, the village was completely abandoned by its inhabitants, and quickly became a village in ruins. The owner of this property, through a careful restoration work, in which local craftsmen and artists participated, turned these ruins into the most beautiful Cortijo of the Costa del Sol.<\/p>\n<p>Today this magnificent property offers a landscape of centuries-old palm trees, avocado, custard apple, orange and orange plantations and a sea of almond trees.<\/p>\n<p>At the heart of this environment, a splendid manor house, whose portal was the entrance of a church built 2 centuries ago, and beyond are still the remains of the ruins of the foundry that gave rise to this place.<\/p>\n<p>We invite you to enjoy this exceptional environment where the murmur of the water of the fountains, the tropical vegetation and the majesty of the house, will make you feel all the magic of Andalusia.<\/p>\n<\/div><\/div><\/div><\/div><div class=\"fusion-builder-row fusion-builder-row-inner fusion-row fusion-flex-align-items-flex-start fusion-flex-justify-content-center fusion-flex-content-wrap\" style=\"width:104% !important;max-width:104% !important;margin-left: calc(-4% \/ 2 );margin-right: calc(-4% \/ 2 );\"><div class=\"fusion-layout-column fusion_builder_column_inner fusion-builder-nested-column-10 fusion_builder_column_inner_1_2 1_2 fusion-flex-column fusion-flex-align-self-stretch\" style=\"--awb-padding-top:40px;--awb-padding-right:40px;--awb-padding-bottom:40px;--awb-padding-left:40px;--awb-bg-size:cover;--awb-border-color:var(--awb-color6);--awb-border-color-hover:var(--awb-color7);--awb-border-top:1px;--awb-border-right:1px;--awb-border-bottom:1px;--awb-border-left:1px;--awb-border-style:solid;--awb-width-large:50%;--awb-margin-top-large:0px;--awb-spacing-right-large:3.84%;--awb-margin-bottom-large:0px;--awb-spacing-left-large:3.84%;--awb-width-medium:50%;--awb-order-medium:0;--awb-spacing-right-medium:3.84%;--awb-spacing-left-medium:3.84%;--awb-width-small:100%;--awb-order-small:0;--awb-spacing-right-small:1.92%;--awb-spacing-left-small:1.92%;\" data-scroll-devices=\"small-visibility,medium-visibility,large-visibility\"><div class=\"fusion-column-wrapper fusion-column-has-shadow fusion-flex-justify-content-flex-start fusion-content-layout-column\"><div class=\"fusion-image-element \" style=\"--awb-aspect-ratio:4 \/ 3;--awb-margin-bottom:40px;--awb-caption-title-font-family:var(--h2_typography-font-family);--awb-caption-title-font-weight:var(--h2_typography-font-weight);--awb-caption-title-font-style:var(--h2_typography-font-style);--awb-caption-title-size:var(--h2_typography-font-size);--awb-caption-title-transform:var(--h2_typography-text-transform);--awb-caption-title-line-height:var(--h2_typography-line-height);--awb-caption-title-letter-spacing:var(--h2_typography-letter-spacing);\"><span class=\" fusion-imageframe imageframe-none imageframe-2 hover-type-none has-aspect-ratio\"><img decoding=\"async\" width=\"1500\" height=\"1000\" title=\"finca-la-concepcion-celebraciones-privadas\" src=\"https:\/\/fincalaconcepcionmarbella.com\/24cpanel\/wp-content\/uploads\/2025\/03\/finca-la-concepcion-celebraciones-privadas.jpg\" data-orig-src=\"https:\/\/fincalaconcepcionmarbella.com\/24cpanel\/wp-content\/uploads\/2025\/03\/finca-la-concepcion-celebraciones-privadas.jpg\" class=\"lazyload img-responsive wp-image-1617 img-with-aspect-ratio\" data-parent-fit=\"cover\" data-parent-container=\".fusion-image-element\" alt srcset=\"data:image\/svg+xml,%3Csvg%20xmlns%3D%27http%3A%2F%2Fwww.w3.org%2F2000%2Fsvg%27%20width%3D%271500%27%20height%3D%271000%27%20viewBox%3D%270%200%201500%201000%27%3E%3Crect%20width%3D%271500%27%20height%3D%271000%27%20fill-opacity%3D%220%22%2F%3E%3C%2Fsvg%3E\" data-srcset=\"https:\/\/fincalaconcepcionmarbella.com\/24cpanel\/wp-content\/uploads\/2025\/03\/finca-la-concepcion-celebraciones-privadas-200x133.jpg 200w, https:\/\/fincalaconcepcionmarbella.com\/24cpanel\/wp-content\/uploads\/2025\/03\/finca-la-concepcion-celebraciones-privadas-400x267.jpg 400w, https:\/\/fincalaconcepcionmarbella.com\/24cpanel\/wp-content\/uploads\/2025\/03\/finca-la-concepcion-celebraciones-privadas-600x400.jpg 600w, https:\/\/fincalaconcepcionmarbella.com\/24cpanel\/wp-content\/uploads\/2025\/03\/finca-la-concepcion-celebraciones-privadas-800x533.jpg 800w, https:\/\/fincalaconcepcionmarbella.com\/24cpanel\/wp-content\/uploads\/2025\/03\/finca-la-concepcion-celebraciones-privadas-1200x800.jpg 1200w, https:\/\/fincalaconcepcionmarbella.com\/24cpanel\/wp-content\/uploads\/2025\/03\/finca-la-concepcion-celebraciones-privadas.jpg 1500w\" data-sizes=\"auto\" data-orig-sizes=\"(max-width: 1024px) 100vw, (max-width: 640px) 100vw, 600px\" \/><\/span><\/div><div class=\"fusion-title title fusion-title-6 fusion-sep-none fusion-title-center fusion-title-text fusion-title-size-three\" style=\"--awb-text-color:hsla(calc(var(--awb-color4-h) + 30),var(--awb-color4-s),var(--awb-color4-l),var(--awb-color4-a));--awb-font-size:36px;\"><h3 class=\"fusion-title-heading title-heading-center\" style=\"font-family:var(--awb-typography1-font-family);font-weight:var(--awb-typography1-font-weight);font-style:var(--awb-typography1-font-style);margin:0;letter-spacing:var(--awb-typography1-letter-spacing);text-transform:none;font-size:1em;line-height:var(--awb-typography1-line-height);\">Private Events and Social Events<\/h3><\/div><div class=\"fusion-text fusion-text-3 fusion-text-no-margin\" style=\"--awb-content-alignment:center;--awb-font-size:16px;--awb-text-transform:var(--awb-typography2-text-transform);--awb-text-color:var(--awb-color1);--awb-margin-bottom:0px;--awb-text-font-family:var(--awb-typography2-font-family);--awb-text-font-weight:var(--awb-typography2-font-weight);--awb-text-font-style:var(--awb-typography2-font-style);\"><p>An exciting history, La Concepci\u00f3n is <strong>the first foundry that existed in Spain<\/strong>. The vestiges that we can enjoy today, serve as an incomparable setting to recreate any type of <strong>event<\/strong> or <strong>social act<\/strong>.<\/p>\n<\/div><\/div><\/div><div class=\"fusion-layout-column fusion_builder_column_inner fusion-builder-nested-column-11 fusion_builder_column_inner_1_2 1_2 fusion-flex-column fusion-flex-align-self-stretch\" style=\"--awb-padding-top:40px;--awb-padding-right:40px;--awb-padding-bottom:40px;--awb-padding-left:40px;--awb-bg-size:cover;--awb-border-color:var(--awb-color6);--awb-border-color-hover:var(--awb-color7);--awb-border-top:1px;--awb-border-right:1px;--awb-border-bottom:1px;--awb-border-left:1px;--awb-border-style:solid;--awb-width-large:50%;--awb-margin-top-large:0px;--awb-spacing-right-large:3.84%;--awb-margin-bottom-large:0px;--awb-spacing-left-large:3.84%;--awb-width-medium:50%;--awb-order-medium:0;--awb-spacing-right-medium:3.84%;--awb-spacing-left-medium:3.84%;--awb-width-small:100%;--awb-order-small:0;--awb-spacing-right-small:1.92%;--awb-spacing-left-small:1.92%;\" data-scroll-devices=\"small-visibility,medium-visibility,large-visibility\"><div class=\"fusion-column-wrapper fusion-column-has-shadow fusion-flex-justify-content-flex-start fusion-content-layout-column\"><div class=\"fusion-image-element \" style=\"--awb-aspect-ratio:4 \/ 3;--awb-margin-bottom:40px;--awb-caption-title-font-family:var(--h2_typography-font-family);--awb-caption-title-font-weight:var(--h2_typography-font-weight);--awb-caption-title-font-style:var(--h2_typography-font-style);--awb-caption-title-size:var(--h2_typography-font-size);--awb-caption-title-transform:var(--h2_typography-text-transform);--awb-caption-title-line-height:var(--h2_typography-line-height);--awb-caption-title-letter-spacing:var(--h2_typography-letter-spacing);\"><span class=\" fusion-imageframe imageframe-none imageframe-3 hover-type-none has-aspect-ratio\"><img decoding=\"async\" width=\"1500\" height=\"1000\" title=\"finca-la-concepcion-eventos-corporativos\" src=\"https:\/\/fincalaconcepcionmarbella.com\/24cpanel\/wp-content\/uploads\/2025\/03\/finca-la-concepcion-eventos-corporativos.jpg\" data-orig-src=\"https:\/\/fincalaconcepcionmarbella.com\/24cpanel\/wp-content\/uploads\/2025\/03\/finca-la-concepcion-eventos-corporativos.jpg\" class=\"lazyload img-responsive wp-image-1615 img-with-aspect-ratio\" data-parent-fit=\"cover\" data-parent-container=\".fusion-image-element\" alt srcset=\"data:image\/svg+xml,%3Csvg%20xmlns%3D%27http%3A%2F%2Fwww.w3.org%2F2000%2Fsvg%27%20width%3D%271500%27%20height%3D%271000%27%20viewBox%3D%270%200%201500%201000%27%3E%3Crect%20width%3D%271500%27%20height%3D%271000%27%20fill-opacity%3D%220%22%2F%3E%3C%2Fsvg%3E\" data-srcset=\"https:\/\/fincalaconcepcionmarbella.com\/24cpanel\/wp-content\/uploads\/2025\/03\/finca-la-concepcion-eventos-corporativos-200x133.jpg 200w, https:\/\/fincalaconcepcionmarbella.com\/24cpanel\/wp-content\/uploads\/2025\/03\/finca-la-concepcion-eventos-corporativos-400x267.jpg 400w, https:\/\/fincalaconcepcionmarbella.com\/24cpanel\/wp-content\/uploads\/2025\/03\/finca-la-concepcion-eventos-corporativos-600x400.jpg 600w, https:\/\/fincalaconcepcionmarbella.com\/24cpanel\/wp-content\/uploads\/2025\/03\/finca-la-concepcion-eventos-corporativos-800x533.jpg 800w, https:\/\/fincalaconcepcionmarbella.com\/24cpanel\/wp-content\/uploads\/2025\/03\/finca-la-concepcion-eventos-corporativos-1200x800.jpg 1200w, https:\/\/fincalaconcepcionmarbella.com\/24cpanel\/wp-content\/uploads\/2025\/03\/finca-la-concepcion-eventos-corporativos.jpg 1500w\" data-sizes=\"auto\" data-orig-sizes=\"(max-width: 1024px) 100vw, (max-width: 640px) 100vw, 600px\" \/><\/span><\/div><div class=\"fusion-title title fusion-title-7 fusion-sep-none fusion-title-center fusion-title-text fusion-title-size-three\" style=\"--awb-text-color:hsla(calc(var(--awb-color4-h) + 30),var(--awb-color4-s),var(--awb-color4-l),var(--awb-color4-a));--awb-font-size:36px;\"><h3 class=\"fusion-title-heading title-heading-center\" style=\"font-family:var(--awb-typography1-font-family);font-weight:var(--awb-typography1-font-weight);font-style:var(--awb-typography1-font-style);margin:0;letter-spacing:var(--awb-typography1-letter-spacing);text-transform:none;font-size:1em;line-height:var(--awb-typography1-line-height);\">Corporate Events<\/h3><\/div><div class=\"fusion-text fusion-text-4 fusion-text-no-margin\" style=\"--awb-content-alignment:center;--awb-font-size:16px;--awb-text-transform:var(--awb-typography2-text-transform);--awb-text-color:var(--awb-color1);--awb-margin-bottom:0px;--awb-text-font-family:var(--awb-typography2-font-family);--awb-text-font-weight:var(--awb-typography2-font-weight);--awb-text-font-style:var(--awb-typography2-font-style);\"><p>The magnificent garden of La Concepci\u00f3n, extends over an area of <strong>more than 10,000 m2<\/strong>, distributed in different areas, where you can enjoy its ancient palm trees and its many tropical plants. A functional and charming space to celebrate any corporate or business event.<\/p>\n<\/div><\/div><\/div><\/div><div class=\"fusion-separator fusion-full-width-sep\" style=\"align-self: center;margin-left: auto;margin-right: auto;margin-top:50px;width:100%;\"><\/div><div class=\"fusion-builder-row fusion-builder-row-inner fusion-row fusion-flex-align-items-flex-start fusion-flex-justify-content-center fusion-flex-content-wrap\" style=\"width:104% !important;max-width:104% !important;margin-left: calc(-4% \/ 2 );margin-right: calc(-4% \/ 2 );\"><div class=\"fusion-layout-column fusion_builder_column_inner fusion-builder-nested-column-12 fusion_builder_column_inner_1_2 1_2 fusion-flex-column fusion-flex-align-self-stretch\" style=\"--awb-padding-top:40px;--awb-padding-right:40px;--awb-padding-bottom:40px;--awb-padding-left:40px;--awb-bg-size:cover;--awb-border-color:var(--awb-color6);--awb-border-color-hover:var(--awb-color7);--awb-border-top:1px;--awb-border-right:1px;--awb-border-bottom:1px;--awb-border-left:1px;--awb-border-style:solid;--awb-width-large:50%;--awb-margin-top-large:0px;--awb-spacing-right-large:3.84%;--awb-margin-bottom-large:0px;--awb-spacing-left-large:3.84%;--awb-width-medium:50%;--awb-order-medium:0;--awb-spacing-right-medium:3.84%;--awb-spacing-left-medium:3.84%;--awb-width-small:100%;--awb-order-small:0;--awb-spacing-right-small:1.92%;--awb-spacing-left-small:1.92%;\" data-scroll-devices=\"small-visibility,medium-visibility,large-visibility\"><div class=\"fusion-column-wrapper fusion-column-has-shadow fusion-flex-justify-content-flex-start fusion-content-layout-column\"><div class=\"fusion-image-element \" style=\"--awb-aspect-ratio:4 \/ 3;--awb-margin-bottom:40px;--awb-caption-title-font-family:var(--h2_typography-font-family);--awb-caption-title-font-weight:var(--h2_typography-font-weight);--awb-caption-title-font-style:var(--h2_typography-font-style);--awb-caption-title-size:var(--h2_typography-font-size);--awb-caption-title-transform:var(--h2_typography-text-transform);--awb-caption-title-line-height:var(--h2_typography-line-height);--awb-caption-title-letter-spacing:var(--h2_typography-letter-spacing);\"><span class=\" fusion-imageframe imageframe-none imageframe-4 hover-type-none has-aspect-ratio\"><img decoding=\"async\" width=\"1000\" height=\"667\" title=\"nogal-finca-la-concepcion-inicio\" src=\"https:\/\/fincalaconcepcionmarbella.com\/24cpanel\/wp-content\/uploads\/2024\/12\/nogal-finca-la-concepcion-inicio.jpg\" data-orig-src=\"https:\/\/fincalaconcepcionmarbella.com\/24cpanel\/wp-content\/uploads\/2024\/12\/nogal-finca-la-concepcion-inicio.jpg\" class=\"lazyload img-responsive wp-image-1234 img-with-aspect-ratio\" data-parent-fit=\"cover\" data-parent-container=\".fusion-image-element\" alt srcset=\"data:image\/svg+xml,%3Csvg%20xmlns%3D%27http%3A%2F%2Fwww.w3.org%2F2000%2Fsvg%27%20width%3D%271000%27%20height%3D%27667%27%20viewBox%3D%270%200%201000%20667%27%3E%3Crect%20width%3D%271000%27%20height%3D%27667%27%20fill-opacity%3D%220%22%2F%3E%3C%2Fsvg%3E\" data-srcset=\"https:\/\/fincalaconcepcionmarbella.com\/24cpanel\/wp-content\/uploads\/2024\/12\/nogal-finca-la-concepcion-inicio-200x133.jpg 200w, https:\/\/fincalaconcepcionmarbella.com\/24cpanel\/wp-content\/uploads\/2024\/12\/nogal-finca-la-concepcion-inicio-400x267.jpg 400w, https:\/\/fincalaconcepcionmarbella.com\/24cpanel\/wp-content\/uploads\/2024\/12\/nogal-finca-la-concepcion-inicio-600x400.jpg 600w, https:\/\/fincalaconcepcionmarbella.com\/24cpanel\/wp-content\/uploads\/2024\/12\/nogal-finca-la-concepcion-inicio-800x534.jpg 800w, https:\/\/fincalaconcepcionmarbella.com\/24cpanel\/wp-content\/uploads\/2024\/12\/nogal-finca-la-concepcion-inicio.jpg 1000w\" data-sizes=\"auto\" data-orig-sizes=\"(max-width: 1024px) 100vw, (max-width: 640px) 100vw, 600px\" \/><\/span><\/div><div class=\"fusion-title title fusion-title-8 fusion-sep-none fusion-title-center fusion-title-text fusion-title-size-three\" style=\"--awb-text-color:hsla(calc(var(--awb-color4-h) + 30),var(--awb-color4-s),var(--awb-color4-l),var(--awb-color4-a));--awb-font-size:36px;\"><h3 class=\"fusion-title-heading title-heading-center\" style=\"font-family:var(--awb-typography1-font-family);font-weight:var(--awb-typography1-font-weight);font-style:var(--awb-typography1-font-style);margin:0;letter-spacing:var(--awb-typography1-letter-spacing);text-transform:none;font-size:1em;line-height:var(--awb-typography1-line-height);\">Special Meetings<\/h3><\/div><div class=\"fusion-text fusion-text-5 fusion-text-no-margin\" style=\"--awb-content-alignment:center;--awb-font-size:16px;--awb-text-transform:var(--awb-typography2-text-transform);--awb-text-color:var(--awb-color1);--awb-margin-bottom:0px;--awb-text-font-family:var(--awb-typography2-font-family);--awb-text-font-weight:var(--awb-typography2-font-weight);--awb-text-font-style:var(--awb-typography2-font-style);\"><p>This impressive <strong>century-old hickory tree<\/strong> sits in the center of the garden, next to the fountain and pool area. Countless celebrations and gatherings have taken place under its shade. Making it one of the favorite areas of our clients. If you prefer to hold your meeting in an indoor space, El Cortijo, with its exquisite decoration and an attractive outdoor area with elegant wrought iron pergolas, will undoubtedly be the ideal place.<\/p>\n<\/div><\/div><\/div><div class=\"fusion-layout-column fusion_builder_column_inner fusion-builder-nested-column-13 fusion_builder_column_inner_1_2 1_2 fusion-flex-column fusion-flex-align-self-stretch\" style=\"--awb-padding-top:40px;--awb-padding-right:40px;--awb-padding-bottom:40px;--awb-padding-left:40px;--awb-bg-size:cover;--awb-border-color:var(--awb-color6);--awb-border-color-hover:var(--awb-color7);--awb-border-top:1px;--awb-border-right:1px;--awb-border-bottom:1px;--awb-border-left:1px;--awb-border-style:solid;--awb-width-large:50%;--awb-margin-top-large:0px;--awb-spacing-right-large:3.84%;--awb-margin-bottom-large:0px;--awb-spacing-left-large:3.84%;--awb-width-medium:50%;--awb-order-medium:0;--awb-spacing-right-medium:3.84%;--awb-spacing-left-medium:3.84%;--awb-width-small:100%;--awb-order-small:0;--awb-spacing-right-small:1.92%;--awb-spacing-left-small:1.92%;\" data-scroll-devices=\"small-visibility,medium-visibility,large-visibility\"><div class=\"fusion-column-wrapper fusion-column-has-shadow fusion-flex-justify-content-flex-start fusion-content-layout-column\"><div class=\"fusion-image-element \" style=\"--awb-aspect-ratio:4 \/ 3;--awb-margin-bottom:40px;--awb-caption-title-font-family:var(--h2_typography-font-family);--awb-caption-title-font-weight:var(--h2_typography-font-weight);--awb-caption-title-font-style:var(--h2_typography-font-style);--awb-caption-title-size:var(--h2_typography-font-size);--awb-caption-title-transform:var(--h2_typography-text-transform);--awb-caption-title-line-height:var(--h2_typography-line-height);--awb-caption-title-letter-spacing:var(--h2_typography-letter-spacing);\"><span class=\" fusion-imageframe imageframe-none imageframe-5 hover-type-none has-aspect-ratio\"><img decoding=\"async\" width=\"1920\" height=\"1280\" title=\"finca-la-concepcion-marbella-marbella-32\" src=\"https:\/\/fincalaconcepcionmarbella.com\/24cpanel\/wp-content\/uploads\/2024\/12\/finca-la-concepcion-marbella-marbella-32.jpg\" data-orig-src=\"https:\/\/fincalaconcepcionmarbella.com\/24cpanel\/wp-content\/uploads\/2024\/12\/finca-la-concepcion-marbella-marbella-32.jpg\" class=\"lazyload img-responsive wp-image-1383 img-with-aspect-ratio\" data-parent-fit=\"cover\" data-parent-container=\".fusion-image-element\" alt srcset=\"data:image\/svg+xml,%3Csvg%20xmlns%3D%27http%3A%2F%2Fwww.w3.org%2F2000%2Fsvg%27%20width%3D%271920%27%20height%3D%271280%27%20viewBox%3D%270%200%201920%201280%27%3E%3Crect%20width%3D%271920%27%20height%3D%271280%27%20fill-opacity%3D%220%22%2F%3E%3C%2Fsvg%3E\" data-srcset=\"https:\/\/fincalaconcepcionmarbella.com\/24cpanel\/wp-content\/uploads\/2024\/12\/finca-la-concepcion-marbella-marbella-32-200x133.jpg 200w, https:\/\/fincalaconcepcionmarbella.com\/24cpanel\/wp-content\/uploads\/2024\/12\/finca-la-concepcion-marbella-marbella-32-400x267.jpg 400w, https:\/\/fincalaconcepcionmarbella.com\/24cpanel\/wp-content\/uploads\/2024\/12\/finca-la-concepcion-marbella-marbella-32-600x400.jpg 600w, https:\/\/fincalaconcepcionmarbella.com\/24cpanel\/wp-content\/uploads\/2024\/12\/finca-la-concepcion-marbella-marbella-32-800x533.jpg 800w, https:\/\/fincalaconcepcionmarbella.com\/24cpanel\/wp-content\/uploads\/2024\/12\/finca-la-concepcion-marbella-marbella-32-1200x800.jpg 1200w, https:\/\/fincalaconcepcionmarbella.com\/24cpanel\/wp-content\/uploads\/2024\/12\/finca-la-concepcion-marbella-marbella-32.jpg 1920w\" data-sizes=\"auto\" data-orig-sizes=\"(max-width: 1024px) 100vw, (max-width: 640px) 100vw, 600px\" \/><\/span><\/div><div class=\"fusion-title title fusion-title-9 fusion-sep-none fusion-title-center fusion-title-text fusion-title-size-three\" style=\"--awb-text-color:hsla(calc(var(--awb-color4-h) + 30),var(--awb-color4-s),var(--awb-color4-l),var(--awb-color4-a));--awb-font-size:36px;\"><h3 class=\"fusion-title-heading title-heading-center\" style=\"font-family:var(--awb-typography1-font-family);font-weight:var(--awb-typography1-font-weight);font-style:var(--awb-typography1-font-style);margin:0;letter-spacing:var(--awb-typography1-letter-spacing);text-transform:none;font-size:1em;line-height:var(--awb-typography1-line-height);\">Shows and Celebrations<\/h3><\/div><div class=\"fusion-text fusion-text-6 fusion-text-no-margin\" style=\"--awb-content-alignment:center;--awb-font-size:16px;--awb-text-transform:var(--awb-typography2-text-transform);--awb-text-color:var(--awb-color1);--awb-margin-bottom:0px;--awb-text-font-family:var(--awb-typography2-font-family);--awb-text-font-weight:var(--awb-typography2-font-weight);--awb-text-font-style:var(--awb-typography2-font-style);\"><p>The different spaces of the estate are characterized by their nature. <strong>The ruins<\/strong> or the <strong>house<\/strong> will function as an unparalleled backdrop, both full of character and meaning. The <strong>pool<\/strong> area will be an ideal place for a cocktail party or reception. <strong>The main gardens<\/strong>, with its centennial walnut tree, its spectacular fountain or the intimate Cenador, will make the event unforgettable. The Cortijo with its exquisite decoration will become the ideal indoor space for any celebration.<\/p>\n<\/div><\/div><\/div><\/div><\/div><\/div><\/div><\/div><div class=\"fusion-fullwidth fullwidth-box fusion-builder-row-3 fusion-flex-container has-pattern-background has-mask-background nonhundred-percent-fullwidth non-hundred-percent-height-scrolling fusion-no-large-visibility\" style=\"--awb-border-radius-top-left:0px;--awb-border-radius-top-right:0px;--awb-border-radius-bottom-right:0px;--awb-border-radius-bottom-left:0px;--awb-padding-top:60px;--awb-padding-bottom:60px;--awb-background-color:var(--awb-color8);--awb-background-color-medium:var(--awb-color8);--awb-background-color-small:var(--awb-color8);--awb-flex-wrap:wrap;\" ><div class=\"fusion-builder-row fusion-row fusion-flex-align-items-flex-start fusion-flex-justify-content-center fusion-flex-content-wrap\" style=\"max-width:1497.6px;margin-left: calc(-4% \/ 2 );margin-right: calc(-4% \/ 2 );\"><div class=\"fusion-layout-column fusion_builder_column fusion-builder-column-4 fusion_builder_column_1_1 1_1 fusion-flex-column fusion-animated\" style=\"--awb-bg-color:hsla(var(--awb-color8-h),var(--awb-color8-s),calc(var(--awb-color8-l) - 5%),var(--awb-color8-a));--awb-bg-color-hover:hsla(var(--awb-color8-h),var(--awb-color8-s),calc(var(--awb-color8-l) - 5%),var(--awb-color8-a));--awb-bg-size:cover;--awb-width-large:100%;--awb-flex-grow:0;--awb-flex-shrink:0;--awb-margin-top-large:0px;--awb-spacing-right-large:1.92%;--awb-margin-bottom-large:0px;--awb-spacing-left-large:1.92%;--awb-width-medium:100%;--awb-order-medium:0;--awb-flex-grow-medium:0;--awb-flex-shrink-medium:0;--awb-spacing-right-medium:1.92%;--awb-spacing-left-medium:1.92%;--awb-width-small:100%;--awb-order-small:0;--awb-flex-grow-small:0;--awb-flex-shrink-small:0;--awb-spacing-right-small:1.92%;--awb-spacing-left-small:1.92%;\" data-animationType=\"fadeInUp\" data-animationDuration=\"1.5\" data-animationDelay=\"0.5\" data-animationOffset=\"top-into-view\" data-scroll-devices=\"small-visibility,medium-visibility,large-visibility\"><div class=\"fusion-column-wrapper fusion-column-has-shadow fusion-flex-justify-content-flex-start fusion-content-layout-column\"><div class=\"fusion-builder-row fusion-builder-row-inner fusion-row fusion-flex-align-items-flex-start fusion-flex-justify-content-center fusion-flex-content-wrap\" style=\"width:104% !important;max-width:104% !important;margin-left: calc(-4% \/ 2 );margin-right: calc(-4% \/ 2 );\"><div class=\"fusion-layout-column fusion_builder_column_inner fusion-builder-nested-column-14 fusion_builder_column_inner_1_3 1_3 fusion-flex-column\" style=\"--awb-bg-size:cover;--awb-width-large:33.333333333333%;--awb-margin-top-large:0px;--awb-spacing-right-large:5.76%;--awb-margin-bottom-large:0px;--awb-spacing-left-large:5.76%;--awb-width-medium:100%;--awb-order-medium:0;--awb-spacing-right-medium:1.92%;--awb-spacing-left-medium:1.92%;--awb-width-small:100%;--awb-order-small:0;--awb-spacing-right-small:1.92%;--awb-spacing-left-small:1.92%;\"><div class=\"fusion-column-wrapper fusion-column-has-shadow fusion-flex-justify-content-flex-start fusion-content-layout-column\"><\/div><\/div><div class=\"fusion-layout-column fusion_builder_column_inner fusion-builder-nested-column-15 fusion_builder_column_inner_1_3 1_3 fusion-flex-column\" style=\"--awb-bg-size:cover;--awb-width-large:33.333333333333%;--awb-margin-top-large:0px;--awb-spacing-right-large:5.76%;--awb-margin-bottom-large:0px;--awb-spacing-left-large:5.76%;--awb-width-medium:100%;--awb-order-medium:0;--awb-spacing-right-medium:1.92%;--awb-spacing-left-medium:1.92%;--awb-width-small:100%;--awb-order-small:0;--awb-spacing-right-small:1.92%;--awb-spacing-left-small:1.92%;\"><div class=\"fusion-column-wrapper fusion-column-has-shadow fusion-flex-justify-content-flex-start fusion-content-layout-column\"><div class=\"fusion-image-element \" style=\"--awb-caption-title-font-family:var(--h2_typography-font-family);--awb-caption-title-font-weight:var(--h2_typography-font-weight);--awb-caption-title-font-style:var(--h2_typography-font-style);--awb-caption-title-size:var(--h2_typography-font-size);--awb-caption-title-transform:var(--h2_typography-text-transform);--awb-caption-title-line-height:var(--h2_typography-line-height);--awb-caption-title-letter-spacing:var(--h2_typography-letter-spacing);\"><span class=\" fusion-imageframe imageframe-none imageframe-6 hover-type-none\"><img decoding=\"async\" width=\"512\" height=\"116\" alt=\"Logotipo Finca La Concepci\u00f3n\" title=\"logo-finca-la-concepcion-blanco-512&#215;116\" src=\"https:\/\/fincalaconcepcionmarbella.com\/24cpanel\/wp-content\/uploads\/2024\/10\/logo-finca-la-concepcion-blanco-512x116-1.png\" data-orig-src=\"https:\/\/fincalaconcepcionmarbella.com\/24cpanel\/wp-content\/uploads\/2024\/10\/logo-finca-la-concepcion-blanco-512x116-1.png\" class=\"lazyload img-responsive wp-image-368\" srcset=\"data:image\/svg+xml,%3Csvg%20xmlns%3D%27http%3A%2F%2Fwww.w3.org%2F2000%2Fsvg%27%20width%3D%27512%27%20height%3D%27116%27%20viewBox%3D%270%200%20512%20116%27%3E%3Crect%20width%3D%27512%27%20height%3D%27116%27%20fill-opacity%3D%220%22%2F%3E%3C%2Fsvg%3E\" data-srcset=\"https:\/\/fincalaconcepcionmarbella.com\/24cpanel\/wp-content\/uploads\/2024\/10\/logo-finca-la-concepcion-blanco-512x116-1-200x45.png 200w, https:\/\/fincalaconcepcionmarbella.com\/24cpanel\/wp-content\/uploads\/2024\/10\/logo-finca-la-concepcion-blanco-512x116-1-400x91.png 400w, https:\/\/fincalaconcepcionmarbella.com\/24cpanel\/wp-content\/uploads\/2024\/10\/logo-finca-la-concepcion-blanco-512x116-1.png 512w\" data-sizes=\"auto\" data-orig-sizes=\"(max-width: 1024px) 100vw, (max-width: 640px) 100vw, 512px\" \/><\/span><\/div><div class=\"fusion-separator fusion-full-width-sep\" style=\"align-self: center;margin-left: auto;margin-right: auto;margin-top:20px;margin-bottom:20px;width:100%;\"><\/div><\/div><\/div><div class=\"fusion-layout-column fusion_builder_column_inner fusion-builder-nested-column-16 fusion_builder_column_inner_1_3 1_3 fusion-flex-column\" style=\"--awb-bg-size:cover;--awb-width-large:33.333333333333%;--awb-margin-top-large:0px;--awb-spacing-right-large:5.76%;--awb-margin-bottom-large:0px;--awb-spacing-left-large:5.76%;--awb-width-medium:100%;--awb-order-medium:0;--awb-spacing-right-medium:1.92%;--awb-spacing-left-medium:1.92%;--awb-width-small:100%;--awb-order-small:0;--awb-spacing-right-small:1.92%;--awb-spacing-left-small:1.92%;\"><div class=\"fusion-column-wrapper fusion-column-has-shadow fusion-flex-justify-content-flex-start fusion-content-layout-column\"><\/div><\/div><\/div><div class=\"fusion-title title fusion-title-10 fusion-title-center fusion-title-text fusion-title-size-four\" style=\"--awb-text-color:var(--awb-color1);--awb-margin-bottom:20px;--awb-font-size:36px;\"><div class=\"title-sep-container title-sep-container-left\"><div class=\"title-sep sep-single sep-solid\" style=\"border-color:var(--awb-color3);\"><\/div><\/div><span class=\"awb-title-spacer\"><\/span><h4 class=\"fusion-title-heading title-heading-center\" style=\"margin:0;font-size:1em;\">SPACES<\/h4><span class=\"awb-title-spacer\"><\/span><div class=\"title-sep-container title-sep-container-right\"><div class=\"title-sep sep-single sep-solid\" style=\"border-color:var(--awb-color3);\"><\/div><\/div><\/div><div class=\"fusion-builder-row fusion-builder-row-inner fusion-row fusion-flex-align-items-flex-start fusion-flex-justify-content-center fusion-flex-content-wrap\" style=\"width:104% !important;max-width:104% !important;margin-left: calc(-4% \/ 2 );margin-right: calc(-4% \/ 2 );\"><div class=\"fusion-layout-column fusion_builder_column_inner fusion-builder-nested-column-17 fusion_builder_column_inner_4_5 4_5 fusion-flex-column\" style=\"--awb-bg-size:cover;--awb-width-large:80%;--awb-margin-top-large:0px;--awb-spacing-right-large:2.4%;--awb-margin-bottom-large:0px;--awb-spacing-left-large:2.4%;--awb-width-medium:100%;--awb-order-medium:0;--awb-spacing-right-medium:1.92%;--awb-spacing-left-medium:1.92%;--awb-width-small:100%;--awb-order-small:0;--awb-spacing-right-small:1.92%;--awb-spacing-left-small:1.92%;\"><div class=\"fusion-column-wrapper fusion-column-has-shadow fusion-flex-justify-content-flex-start fusion-content-layout-column\"><div class=\"fusion-separator fusion-full-width-sep\" style=\"align-self: center;margin-left: auto;margin-right: auto;margin-top:15px;width:100%;\"><\/div><div class=\"fusion-text fusion-text-7 fusion-text-no-margin\" style=\"--awb-content-alignment:center;--awb-font-size:16px;--awb-line-height:1.4;--awb-text-transform:var(--awb-typography4-text-transform);--awb-text-color:var(--awb-color1);--awb-margin-bottom:60px;--awb-text-font-family:&#039;Times New Roman&#039;, Times,serif;--awb-text-font-style:normal;--awb-text-font-weight:400;\"><p>In 1837, in a beautiful natural setting, there was one of the first foundries built in Spain, as well as a small Andalusian village where the workers who worked there lived. When the foundry ceased its activity, the village was completely abandoned by its inhabitants, and quickly became a village in ruins. The owner of this property, through a careful restoration work, in which local craftsmen and artists participated, turned these ruins into the most beautiful Cortijo of the Costa del Sol.<\/p>\n<p>Today this magnificent property offers a landscape of centuries-old palm trees, avocado, custard apple, orange and orange plantations and a sea of almond trees.<\/p>\n<p>At the heart of this environment, a splendid manor house, whose portal was the entrance of a church built 2 centuries ago, and beyond are still the remains of the ruins of the foundry that gave rise to this place.<\/p>\n<p>We invite you to enjoy this exceptional environment where the murmur of the water of the fountains, the tropical vegetation and the majesty of the house, will make you feel all the magic of Andalusia.<\/p>\n<\/div><\/div><\/div><\/div><div class=\"fusion-builder-row fusion-builder-row-inner fusion-row fusion-flex-align-items-flex-start fusion-flex-justify-content-center fusion-flex-content-wrap\" style=\"width:104% !important;max-width:104% !important;margin-left: calc(-4% \/ 2 );margin-right: calc(-4% \/ 2 );\"><div class=\"fusion-layout-column fusion_builder_column_inner fusion-builder-nested-column-18 fusion_builder_column_inner_1_2 1_2 fusion-flex-column fusion-flex-align-self-stretch\" style=\"--awb-padding-top:40px;--awb-padding-right:40px;--awb-padding-bottom:40px;--awb-padding-left:40px;--awb-bg-size:cover;--awb-border-color:var(--awb-color6);--awb-border-color-hover:var(--awb-color7);--awb-border-top:1px;--awb-border-right:1px;--awb-border-bottom:1px;--awb-border-left:1px;--awb-border-style:solid;--awb-width-large:50%;--awb-margin-top-large:25px;--awb-spacing-right-large:3.84%;--awb-margin-bottom-large:25px;--awb-spacing-left-large:3.84%;--awb-width-medium:50%;--awb-order-medium:0;--awb-margin-top-medium:25px;--awb-spacing-right-medium:3.84%;--awb-margin-bottom-medium:25px;--awb-spacing-left-medium:3.84%;--awb-width-small:100%;--awb-order-small:0;--awb-margin-top-small:25px;--awb-spacing-right-small:1.92%;--awb-margin-bottom-small:25px;--awb-spacing-left-small:1.92%;\" data-scroll-devices=\"small-visibility,medium-visibility,large-visibility\"><div class=\"fusion-column-wrapper fusion-column-has-shadow fusion-flex-justify-content-flex-start fusion-content-layout-column\"><div class=\"fusion-image-element \" style=\"--awb-aspect-ratio:4 \/ 3;--awb-margin-bottom:40px;--awb-caption-title-font-family:var(--h2_typography-font-family);--awb-caption-title-font-weight:var(--h2_typography-font-weight);--awb-caption-title-font-style:var(--h2_typography-font-style);--awb-caption-title-size:var(--h2_typography-font-size);--awb-caption-title-transform:var(--h2_typography-text-transform);--awb-caption-title-line-height:var(--h2_typography-line-height);--awb-caption-title-letter-spacing:var(--h2_typography-letter-spacing);\"><span class=\" fusion-imageframe imageframe-none imageframe-7 hover-type-none has-aspect-ratio\"><img decoding=\"async\" width=\"1500\" height=\"1000\" title=\"finca-la-concepcion-celebraciones-privadas\" src=\"https:\/\/fincalaconcepcionmarbella.com\/24cpanel\/wp-content\/uploads\/2025\/03\/finca-la-concepcion-celebraciones-privadas.jpg\" data-orig-src=\"https:\/\/fincalaconcepcionmarbella.com\/24cpanel\/wp-content\/uploads\/2025\/03\/finca-la-concepcion-celebraciones-privadas.jpg\" class=\"lazyload img-responsive wp-image-1617 img-with-aspect-ratio\" data-parent-fit=\"cover\" data-parent-container=\".fusion-image-element\" alt srcset=\"data:image\/svg+xml,%3Csvg%20xmlns%3D%27http%3A%2F%2Fwww.w3.org%2F2000%2Fsvg%27%20width%3D%271500%27%20height%3D%271000%27%20viewBox%3D%270%200%201500%201000%27%3E%3Crect%20width%3D%271500%27%20height%3D%271000%27%20fill-opacity%3D%220%22%2F%3E%3C%2Fsvg%3E\" data-srcset=\"https:\/\/fincalaconcepcionmarbella.com\/24cpanel\/wp-content\/uploads\/2025\/03\/finca-la-concepcion-celebraciones-privadas-200x133.jpg 200w, https:\/\/fincalaconcepcionmarbella.com\/24cpanel\/wp-content\/uploads\/2025\/03\/finca-la-concepcion-celebraciones-privadas-400x267.jpg 400w, https:\/\/fincalaconcepcionmarbella.com\/24cpanel\/wp-content\/uploads\/2025\/03\/finca-la-concepcion-celebraciones-privadas-600x400.jpg 600w, https:\/\/fincalaconcepcionmarbella.com\/24cpanel\/wp-content\/uploads\/2025\/03\/finca-la-concepcion-celebraciones-privadas-800x533.jpg 800w, https:\/\/fincalaconcepcionmarbella.com\/24cpanel\/wp-content\/uploads\/2025\/03\/finca-la-concepcion-celebraciones-privadas-1200x800.jpg 1200w, https:\/\/fincalaconcepcionmarbella.com\/24cpanel\/wp-content\/uploads\/2025\/03\/finca-la-concepcion-celebraciones-privadas.jpg 1500w\" data-sizes=\"auto\" data-orig-sizes=\"(max-width: 1024px) 100vw, (max-width: 640px) 100vw, 600px\" \/><\/span><\/div><div class=\"fusion-title title fusion-title-11 fusion-sep-none fusion-title-center fusion-title-text fusion-title-size-three\" style=\"--awb-text-color:hsla(calc(var(--awb-color4-h) + 30),var(--awb-color4-s),var(--awb-color4-l),var(--awb-color4-a));--awb-font-size:36px;\"><h3 class=\"fusion-title-heading title-heading-center\" style=\"font-family:var(--awb-typography1-font-family);font-weight:var(--awb-typography1-font-weight);font-style:var(--awb-typography1-font-style);margin:0;letter-spacing:var(--awb-typography1-letter-spacing);text-transform:none;font-size:1em;line-height:var(--awb-typography1-line-height);\">Private Events and Social Events<\/h3><\/div><div class=\"fusion-text fusion-text-8 fusion-text-no-margin\" style=\"--awb-content-alignment:center;--awb-font-size:16px;--awb-text-transform:var(--awb-typography2-text-transform);--awb-text-color:var(--awb-color1);--awb-margin-bottom:0px;--awb-text-font-family:var(--awb-typography2-font-family);--awb-text-font-weight:var(--awb-typography2-font-weight);--awb-text-font-style:var(--awb-typography2-font-style);\"><p>An exciting history, La Concepci\u00f3n is <strong>the first foundry that existed in Spain<\/strong>. The vestiges that we can enjoy today, serve as an incomparable setting to recreate any type of <strong>event<\/strong> or <strong>social act<\/strong>.<\/p>\n<\/div><\/div><\/div><div class=\"fusion-layout-column fusion_builder_column_inner fusion-builder-nested-column-19 fusion_builder_column_inner_1_2 1_2 fusion-flex-column fusion-flex-align-self-stretch\" style=\"--awb-padding-top:40px;--awb-padding-right:40px;--awb-padding-bottom:40px;--awb-padding-left:40px;--awb-bg-size:cover;--awb-border-color:var(--awb-color6);--awb-border-color-hover:var(--awb-color7);--awb-border-top:1px;--awb-border-right:1px;--awb-border-bottom:1px;--awb-border-left:1px;--awb-border-style:solid;--awb-width-large:50%;--awb-margin-top-large:25px;--awb-spacing-right-large:3.84%;--awb-margin-bottom-large:25px;--awb-spacing-left-large:3.84%;--awb-width-medium:50%;--awb-order-medium:0;--awb-margin-top-medium:25px;--awb-spacing-right-medium:3.84%;--awb-margin-bottom-medium:25px;--awb-spacing-left-medium:3.84%;--awb-width-small:100%;--awb-order-small:0;--awb-margin-top-small:25px;--awb-spacing-right-small:1.92%;--awb-margin-bottom-small:25px;--awb-spacing-left-small:1.92%;\" data-scroll-devices=\"small-visibility,medium-visibility,large-visibility\"><div class=\"fusion-column-wrapper fusion-column-has-shadow fusion-flex-justify-content-flex-start fusion-content-layout-column\"><div class=\"fusion-image-element \" style=\"--awb-aspect-ratio:4 \/ 3;--awb-margin-bottom:40px;--awb-caption-title-font-family:var(--h2_typography-font-family);--awb-caption-title-font-weight:var(--h2_typography-font-weight);--awb-caption-title-font-style:var(--h2_typography-font-style);--awb-caption-title-size:var(--h2_typography-font-size);--awb-caption-title-transform:var(--h2_typography-text-transform);--awb-caption-title-line-height:var(--h2_typography-line-height);--awb-caption-title-letter-spacing:var(--h2_typography-letter-spacing);\"><span class=\" fusion-imageframe imageframe-none imageframe-8 hover-type-none has-aspect-ratio\"><img decoding=\"async\" width=\"1500\" height=\"1000\" title=\"finca-la-concepcion-eventos-corporativos\" src=\"https:\/\/fincalaconcepcionmarbella.com\/24cpanel\/wp-content\/uploads\/2025\/03\/finca-la-concepcion-eventos-corporativos.jpg\" data-orig-src=\"https:\/\/fincalaconcepcionmarbella.com\/24cpanel\/wp-content\/uploads\/2025\/03\/finca-la-concepcion-eventos-corporativos.jpg\" class=\"lazyload img-responsive wp-image-1615 img-with-aspect-ratio\" data-parent-fit=\"cover\" data-parent-container=\".fusion-image-element\" alt srcset=\"data:image\/svg+xml,%3Csvg%20xmlns%3D%27http%3A%2F%2Fwww.w3.org%2F2000%2Fsvg%27%20width%3D%271500%27%20height%3D%271000%27%20viewBox%3D%270%200%201500%201000%27%3E%3Crect%20width%3D%271500%27%20height%3D%271000%27%20fill-opacity%3D%220%22%2F%3E%3C%2Fsvg%3E\" data-srcset=\"https:\/\/fincalaconcepcionmarbella.com\/24cpanel\/wp-content\/uploads\/2025\/03\/finca-la-concepcion-eventos-corporativos-200x133.jpg 200w, https:\/\/fincalaconcepcionmarbella.com\/24cpanel\/wp-content\/uploads\/2025\/03\/finca-la-concepcion-eventos-corporativos-400x267.jpg 400w, https:\/\/fincalaconcepcionmarbella.com\/24cpanel\/wp-content\/uploads\/2025\/03\/finca-la-concepcion-eventos-corporativos-600x400.jpg 600w, https:\/\/fincalaconcepcionmarbella.com\/24cpanel\/wp-content\/uploads\/2025\/03\/finca-la-concepcion-eventos-corporativos-800x533.jpg 800w, https:\/\/fincalaconcepcionmarbella.com\/24cpanel\/wp-content\/uploads\/2025\/03\/finca-la-concepcion-eventos-corporativos-1200x800.jpg 1200w, https:\/\/fincalaconcepcionmarbella.com\/24cpanel\/wp-content\/uploads\/2025\/03\/finca-la-concepcion-eventos-corporativos.jpg 1500w\" data-sizes=\"auto\" data-orig-sizes=\"(max-width: 1024px) 100vw, (max-width: 640px) 100vw, 600px\" \/><\/span><\/div><div class=\"fusion-title title fusion-title-12 fusion-sep-none fusion-title-center fusion-title-text fusion-title-size-three\" style=\"--awb-text-color:hsla(calc(var(--awb-color4-h) + 30),var(--awb-color4-s),var(--awb-color4-l),var(--awb-color4-a));--awb-font-size:36px;\"><h3 class=\"fusion-title-heading title-heading-center\" style=\"font-family:var(--awb-typography1-font-family);font-weight:var(--awb-typography1-font-weight);font-style:var(--awb-typography1-font-style);margin:0;letter-spacing:var(--awb-typography1-letter-spacing);text-transform:none;font-size:1em;line-height:var(--awb-typography1-line-height);\">Corporate Events<\/h3><\/div><div class=\"fusion-text fusion-text-9 fusion-text-no-margin\" style=\"--awb-content-alignment:center;--awb-font-size:16px;--awb-text-transform:var(--awb-typography2-text-transform);--awb-text-color:var(--awb-color1);--awb-margin-bottom:0px;--awb-text-font-family:var(--awb-typography2-font-family);--awb-text-font-weight:var(--awb-typography2-font-weight);--awb-text-font-style:var(--awb-typography2-font-style);\"><p>The magnificent garden of La Concepci\u00f3n, extends over an area of <strong>more than 10,000 m2<\/strong>, distributed in different areas, where you can enjoy its ancient palm trees and its many tropical plants. A functional and charming space to celebrate any corporate or business event.<\/p>\n<\/div><\/div><\/div><\/div><div class=\"fusion-builder-row fusion-builder-row-inner fusion-row fusion-flex-align-items-flex-start fusion-flex-justify-content-center fusion-flex-content-wrap\" style=\"width:104% !important;max-width:104% !important;margin-left: calc(-4% \/ 2 );margin-right: calc(-4% \/ 2 );\"><div class=\"fusion-layout-column fusion_builder_column_inner fusion-builder-nested-column-20 fusion_builder_column_inner_1_2 1_2 fusion-flex-column fusion-flex-align-self-stretch\" style=\"--awb-padding-top:40px;--awb-padding-right:40px;--awb-padding-bottom:40px;--awb-padding-left:40px;--awb-bg-size:cover;--awb-border-color:var(--awb-color6);--awb-border-color-hover:var(--awb-color7);--awb-border-top:1px;--awb-border-right:1px;--awb-border-bottom:1px;--awb-border-left:1px;--awb-border-style:solid;--awb-width-large:50%;--awb-margin-top-large:0px;--awb-spacing-right-large:3.84%;--awb-margin-bottom-large:0px;--awb-spacing-left-large:3.84%;--awb-width-medium:50%;--awb-order-medium:0;--awb-margin-top-medium:25px;--awb-spacing-right-medium:3.84%;--awb-margin-bottom-medium:25px;--awb-spacing-left-medium:3.84%;--awb-width-small:100%;--awb-order-small:0;--awb-margin-top-small:25px;--awb-spacing-right-small:1.92%;--awb-margin-bottom-small:25px;--awb-spacing-left-small:1.92%;\" data-scroll-devices=\"small-visibility,medium-visibility,large-visibility\"><div class=\"fusion-column-wrapper fusion-column-has-shadow fusion-flex-justify-content-flex-start fusion-content-layout-column\"><div class=\"fusion-image-element \" style=\"--awb-aspect-ratio:4 \/ 3;--awb-margin-bottom:40px;--awb-caption-title-font-family:var(--h2_typography-font-family);--awb-caption-title-font-weight:var(--h2_typography-font-weight);--awb-caption-title-font-style:var(--h2_typography-font-style);--awb-caption-title-size:var(--h2_typography-font-size);--awb-caption-title-transform:var(--h2_typography-text-transform);--awb-caption-title-line-height:var(--h2_typography-line-height);--awb-caption-title-letter-spacing:var(--h2_typography-letter-spacing);\"><span class=\" fusion-imageframe imageframe-none imageframe-9 hover-type-none has-aspect-ratio\"><img decoding=\"async\" width=\"1000\" height=\"667\" title=\"nogal-finca-la-concepcion-inicio\" src=\"https:\/\/fincalaconcepcionmarbella.com\/24cpanel\/wp-content\/uploads\/2024\/12\/nogal-finca-la-concepcion-inicio.jpg\" data-orig-src=\"https:\/\/fincalaconcepcionmarbella.com\/24cpanel\/wp-content\/uploads\/2024\/12\/nogal-finca-la-concepcion-inicio.jpg\" class=\"lazyload img-responsive wp-image-1234 img-with-aspect-ratio\" data-parent-fit=\"cover\" data-parent-container=\".fusion-image-element\" alt srcset=\"data:image\/svg+xml,%3Csvg%20xmlns%3D%27http%3A%2F%2Fwww.w3.org%2F2000%2Fsvg%27%20width%3D%271000%27%20height%3D%27667%27%20viewBox%3D%270%200%201000%20667%27%3E%3Crect%20width%3D%271000%27%20height%3D%27667%27%20fill-opacity%3D%220%22%2F%3E%3C%2Fsvg%3E\" data-srcset=\"https:\/\/fincalaconcepcionmarbella.com\/24cpanel\/wp-content\/uploads\/2024\/12\/nogal-finca-la-concepcion-inicio-200x133.jpg 200w, https:\/\/fincalaconcepcionmarbella.com\/24cpanel\/wp-content\/uploads\/2024\/12\/nogal-finca-la-concepcion-inicio-400x267.jpg 400w, https:\/\/fincalaconcepcionmarbella.com\/24cpanel\/wp-content\/uploads\/2024\/12\/nogal-finca-la-concepcion-inicio-600x400.jpg 600w, https:\/\/fincalaconcepcionmarbella.com\/24cpanel\/wp-content\/uploads\/2024\/12\/nogal-finca-la-concepcion-inicio-800x534.jpg 800w, https:\/\/fincalaconcepcionmarbella.com\/24cpanel\/wp-content\/uploads\/2024\/12\/nogal-finca-la-concepcion-inicio.jpg 1000w\" data-sizes=\"auto\" data-orig-sizes=\"(max-width: 1024px) 100vw, (max-width: 640px) 100vw, 600px\" \/><\/span><\/div><div class=\"fusion-title title fusion-title-13 fusion-sep-none fusion-title-center fusion-title-text fusion-title-size-three\" style=\"--awb-text-color:hsla(calc(var(--awb-color4-h) + 30),var(--awb-color4-s),var(--awb-color4-l),var(--awb-color4-a));--awb-font-size:36px;\"><h3 class=\"fusion-title-heading title-heading-center\" style=\"font-family:var(--awb-typography1-font-family);font-weight:var(--awb-typography1-font-weight);font-style:var(--awb-typography1-font-style);margin:0;letter-spacing:var(--awb-typography1-letter-spacing);text-transform:none;font-size:1em;line-height:var(--awb-typography1-line-height);\">Special Meetings<\/h3><\/div><div class=\"fusion-text fusion-text-10 fusion-text-no-margin\" style=\"--awb-content-alignment:center;--awb-font-size:16px;--awb-text-transform:var(--awb-typography2-text-transform);--awb-text-color:var(--awb-color1);--awb-margin-bottom:0px;--awb-text-font-family:var(--awb-typography2-font-family);--awb-text-font-weight:var(--awb-typography2-font-weight);--awb-text-font-style:var(--awb-typography2-font-style);\"><p>This impressive <strong>century-old hickory tree<\/strong> sits in the center of the garden, next to the fountain and pool area. Countless celebrations and gatherings have taken place under its shade. Making it one of the favorite areas of our clients. If you prefer to hold your meeting in an indoor space, El Cortijo, with its exquisite decoration and an attractive outdoor area with elegant wrought iron pergolas, will undoubtedly be the ideal place.<\/p>\n<\/div><\/div><\/div><div class=\"fusion-layout-column fusion_builder_column_inner fusion-builder-nested-column-21 fusion_builder_column_inner_1_2 1_2 fusion-flex-column fusion-flex-align-self-stretch\" style=\"--awb-padding-top:40px;--awb-padding-right:40px;--awb-padding-bottom:40px;--awb-padding-left:40px;--awb-bg-size:cover;--awb-border-color:var(--awb-color6);--awb-border-color-hover:var(--awb-color7);--awb-border-top:1px;--awb-border-right:1px;--awb-border-bottom:1px;--awb-border-left:1px;--awb-border-style:solid;--awb-width-large:50%;--awb-margin-top-large:0px;--awb-spacing-right-large:3.84%;--awb-margin-bottom-large:0px;--awb-spacing-left-large:3.84%;--awb-width-medium:50%;--awb-order-medium:0;--awb-margin-top-medium:25px;--awb-spacing-right-medium:3.84%;--awb-margin-bottom-medium:25px;--awb-spacing-left-medium:3.84%;--awb-width-small:100%;--awb-order-small:0;--awb-margin-top-small:25px;--awb-spacing-right-small:1.92%;--awb-margin-bottom-small:25px;--awb-spacing-left-small:1.92%;\" data-scroll-devices=\"small-visibility,medium-visibility,large-visibility\"><div class=\"fusion-column-wrapper fusion-column-has-shadow fusion-flex-justify-content-flex-start fusion-content-layout-column\"><div class=\"fusion-image-element \" style=\"--awb-aspect-ratio:4 \/ 3;--awb-margin-bottom:40px;--awb-caption-title-font-family:var(--h2_typography-font-family);--awb-caption-title-font-weight:var(--h2_typography-font-weight);--awb-caption-title-font-style:var(--h2_typography-font-style);--awb-caption-title-size:var(--h2_typography-font-size);--awb-caption-title-transform:var(--h2_typography-text-transform);--awb-caption-title-line-height:var(--h2_typography-line-height);--awb-caption-title-letter-spacing:var(--h2_typography-letter-spacing);\"><span class=\" fusion-imageframe imageframe-none imageframe-10 hover-type-none has-aspect-ratio\"><img decoding=\"async\" width=\"1920\" height=\"1280\" title=\"finca-la-concepcion-marbella-marbella-32\" src=\"https:\/\/fincalaconcepcionmarbella.com\/24cpanel\/wp-content\/uploads\/2024\/12\/finca-la-concepcion-marbella-marbella-32.jpg\" data-orig-src=\"https:\/\/fincalaconcepcionmarbella.com\/24cpanel\/wp-content\/uploads\/2024\/12\/finca-la-concepcion-marbella-marbella-32.jpg\" class=\"lazyload img-responsive wp-image-1383 img-with-aspect-ratio\" data-parent-fit=\"cover\" data-parent-container=\".fusion-image-element\" alt srcset=\"data:image\/svg+xml,%3Csvg%20xmlns%3D%27http%3A%2F%2Fwww.w3.org%2F2000%2Fsvg%27%20width%3D%271920%27%20height%3D%271280%27%20viewBox%3D%270%200%201920%201280%27%3E%3Crect%20width%3D%271920%27%20height%3D%271280%27%20fill-opacity%3D%220%22%2F%3E%3C%2Fsvg%3E\" data-srcset=\"https:\/\/fincalaconcepcionmarbella.com\/24cpanel\/wp-content\/uploads\/2024\/12\/finca-la-concepcion-marbella-marbella-32-200x133.jpg 200w, https:\/\/fincalaconcepcionmarbella.com\/24cpanel\/wp-content\/uploads\/2024\/12\/finca-la-concepcion-marbella-marbella-32-400x267.jpg 400w, https:\/\/fincalaconcepcionmarbella.com\/24cpanel\/wp-content\/uploads\/2024\/12\/finca-la-concepcion-marbella-marbella-32-600x400.jpg 600w, https:\/\/fincalaconcepcionmarbella.com\/24cpanel\/wp-content\/uploads\/2024\/12\/finca-la-concepcion-marbella-marbella-32-800x533.jpg 800w, https:\/\/fincalaconcepcionmarbella.com\/24cpanel\/wp-content\/uploads\/2024\/12\/finca-la-concepcion-marbella-marbella-32-1200x800.jpg 1200w, https:\/\/fincalaconcepcionmarbella.com\/24cpanel\/wp-content\/uploads\/2024\/12\/finca-la-concepcion-marbella-marbella-32.jpg 1920w\" data-sizes=\"auto\" data-orig-sizes=\"(max-width: 1024px) 100vw, (max-width: 640px) 100vw, 600px\" \/><\/span><\/div><div class=\"fusion-title title fusion-title-14 fusion-sep-none fusion-title-center fusion-title-text fusion-title-size-three\" style=\"--awb-text-color:hsla(calc(var(--awb-color4-h) + 30),var(--awb-color4-s),var(--awb-color4-l),var(--awb-color4-a));--awb-font-size:36px;\"><h3 class=\"fusion-title-heading title-heading-center\" style=\"font-family:var(--awb-typography1-font-family);font-weight:var(--awb-typography1-font-weight);font-style:var(--awb-typography1-font-style);margin:0;letter-spacing:var(--awb-typography1-letter-spacing);text-transform:none;font-size:1em;line-height:var(--awb-typography1-line-height);\">Shows and Celebrations<\/h3><\/div><div class=\"fusion-text fusion-text-11 fusion-text-no-margin\" style=\"--awb-content-alignment:center;--awb-font-size:16px;--awb-text-transform:var(--awb-typography2-text-transform);--awb-text-color:var(--awb-color1);--awb-margin-bottom:0px;--awb-text-font-family:var(--awb-typography2-font-family);--awb-text-font-weight:var(--awb-typography2-font-weight);--awb-text-font-style:var(--awb-typography2-font-style);\"><p>The different spaces of the estate are characterized by their nature. <strong>The ruins<\/strong> or the <strong>house<\/strong> will function as an unparalleled backdrop, both full of character and meaning. The <strong>pool<\/strong> area will be an ideal place for a cocktail party or reception. <strong>The main gardens<\/strong>, with its centennial walnut tree, its spectacular fountain or the intimate Cenador, will make the event unforgettable. The Cortijo with its exquisite decoration will become the ideal indoor space for any celebration.<\/p>\n<\/div><\/div><\/div><\/div><\/div><\/div><\/div><\/div><div class=\"fusion-fullwidth fullwidth-box fusion-builder-row-4 fusion-flex-container has-pattern-background has-mask-background nonhundred-percent-fullwidth non-hundred-percent-height-scrolling\" style=\"--link_color: var(--awb-color1);--awb-border-color:var(--awb-color8);--awb-border-radius-top-left:0px;--awb-border-radius-top-right:0px;--awb-border-radius-bottom-right:0px;--awb-border-radius-bottom-left:0px;--awb-padding-top:60px;--awb-padding-top-medium:0px;--awb-padding-top-small:0px;--awb-background-color:hsla(calc(var(--awb-color8-h) + 110),var(--awb-color8-s),calc(var(--awb-color8-l) - 10%),var(--awb-color8-a));--awb-flex-wrap:wrap;\" ><div class=\"fusion-builder-row fusion-row fusion-flex-align-items-flex-start fusion-flex-justify-content-center fusion-flex-content-wrap\" style=\"max-width:1497.6px;margin-left: calc(-4% \/ 2 );margin-right: calc(-4% \/ 2 );\"><div class=\"fusion-layout-column fusion_builder_column fusion-builder-column-5 fusion_builder_column_1_5 1_5 fusion-flex-column\" style=\"--awb-bg-size:cover;--awb-width-large:20%;--awb-flex-grow:0;--awb-flex-shrink:0;--awb-margin-top-large:0px;--awb-spacing-right-large:9.6%;--awb-margin-bottom-large:0px;--awb-spacing-left-large:9.6%;--awb-width-medium:100%;--awb-order-medium:0;--awb-flex-grow-medium:0;--awb-flex-shrink-medium:0;--awb-spacing-right-medium:1.92%;--awb-spacing-left-medium:1.92%;--awb-width-small:100%;--awb-order-small:0;--awb-flex-grow-small:0;--awb-flex-shrink-small:0;--awb-spacing-right-small:1.92%;--awb-spacing-left-small:1.92%;\"><div class=\"fusion-column-wrapper fusion-column-has-shadow fusion-flex-justify-content-flex-start fusion-content-layout-column\"><\/div><\/div><div class=\"fusion-layout-column fusion_builder_column fusion-builder-column-6 fusion_builder_column_3_5 3_5 fusion-flex-column\" style=\"--awb-bg-size:cover;--awb-width-large:60%;--awb-flex-grow:0;--awb-flex-shrink:0;--awb-margin-top-large:0px;--awb-spacing-right-large:3.2%;--awb-margin-bottom-large:0px;--awb-spacing-left-large:3.2%;--awb-width-medium:100%;--awb-order-medium:0;--awb-flex-grow-medium:0;--awb-flex-shrink-medium:0;--awb-spacing-right-medium:1.92%;--awb-spacing-left-medium:1.92%;--awb-width-small:100%;--awb-order-small:0;--awb-flex-grow-small:0;--awb-flex-shrink-small:0;--awb-spacing-right-small:1.92%;--awb-spacing-left-small:1.92%;\"><div class=\"fusion-column-wrapper fusion-column-has-shadow fusion-flex-justify-content-flex-start fusion-content-layout-column\"><div class=\"fusion-title title fusion-title-15 fusion-title-center fusion-title-text fusion-title-size-two\" style=\"--awb-text-color:var(--awb-color1);--awb-margin-bottom:40px;--awb-font-size:32px;\"><div class=\"title-sep-container title-sep-container-left\"><div class=\"title-sep sep-single sep-dashed\" style=\"border-color:var(--awb-color3);\"><\/div><\/div><span class=\"awb-title-spacer\"><\/span><h2 class=\"fusion-title-heading title-heading-center\" style=\"margin:0;font-size:1em;\">the perfect place for the celebration of weddings and events in Marbella.<\/h2><span class=\"awb-title-spacer\"><\/span><div class=\"title-sep-container title-sep-container-right\"><div class=\"title-sep sep-single sep-dashed\" style=\"border-color:var(--awb-color3);\"><\/div><\/div><\/div><div class=\"fusion-builder-row fusion-builder-row-inner fusion-row fusion-flex-align-items-flex-start fusion-flex-justify-content-center fusion-flex-content-wrap\" style=\"width:104% !important;max-width:104% !important;margin-left: calc(-4% \/ 2 );margin-right: calc(-4% \/ 2 );\"><div class=\"fusion-layout-column fusion_builder_column_inner fusion-builder-nested-column-22 fusion_builder_column_inner_1_2 1_2 fusion-flex-column\" style=\"--awb-bg-size:cover;--awb-width-large:50%;--awb-margin-top-large:0px;--awb-spacing-right-large:3.84%;--awb-margin-bottom-large:0px;--awb-spacing-left-large:3.84%;--awb-width-medium:100%;--awb-order-medium:0;--awb-spacing-right-medium:1.92%;--awb-spacing-left-medium:1.92%;--awb-width-small:100%;--awb-order-small:0;--awb-spacing-right-small:1.92%;--awb-spacing-left-small:1.92%;\" data-scroll-devices=\"small-visibility,medium-visibility,large-visibility\"><div class=\"fusion-column-wrapper fusion-column-has-shadow fusion-flex-justify-content-flex-start fusion-content-layout-column\"><a class=\"fb-icon-element-1 fb-icon-element fontawesome-icon fa-envelope fas circle-yes fusion-link\" style=\"--awb-circlecolor:rgba(93,92,92,0);--awb-circlebordercolor:var(--awb-color1);--awb-circlebordersize:1px;--awb-font-size:56.32px;--awb-width:112.64px;--awb-height:112.64px;--awb-line-height:110.64px;--awb-align-self:center;--awb-margin-top:0px;--awb-margin-right:0px;--awb-margin-bottom:15px;--awb-margin-left:0px;\" href=\"mailto:info@fincalaconcepcionmarbella.com\" target=\"_self\" aria-label=\"Link to mailto:info@fincalaconcepcionmarbella.com\"><\/a><div class=\"fusion-text fusion-text-12\" style=\"--awb-content-alignment:center;--awb-text-color:var(--awb-color1);\"><p><a href=\"info@fincalaconcepcionmarbella.com\">info@fincalaconcepcionmarbella.com<\/a><\/p>\n<\/div><\/div><\/div><div class=\"fusion-layout-column fusion_builder_column_inner fusion-builder-nested-column-23 fusion_builder_column_inner_1_2 1_2 fusion-flex-column\" style=\"--awb-bg-size:cover;--awb-width-large:50%;--awb-margin-top-large:0px;--awb-spacing-right-large:3.84%;--awb-margin-bottom-large:0px;--awb-spacing-left-large:3.84%;--awb-width-medium:100%;--awb-order-medium:0;--awb-spacing-right-medium:1.92%;--awb-spacing-left-medium:1.92%;--awb-width-small:100%;--awb-order-small:0;--awb-spacing-right-small:1.92%;--awb-spacing-left-small:1.92%;\"><div class=\"fusion-column-wrapper fusion-column-has-shadow fusion-flex-justify-content-flex-start fusion-content-layout-column\"><a class=\"fb-icon-element-2 fb-icon-element fontawesome-icon fa-mobile fas circle-yes fusion-link\" style=\"--awb-circlecolor:rgba(0,0,0,0);--awb-circlebordercolor:var(--awb-color1);--awb-circlebordersize:1px;--awb-font-size:56.32px;--awb-width:112.64px;--awb-height:112.64px;--awb-line-height:110.64px;--awb-align-self:center;--awb-margin-top:0px;--awb-margin-right:0px;--awb-margin-bottom:15px;--awb-margin-left:0px;\" href=\"tel:+34626290713\" target=\"_self\" aria-label=\"Link to tel:+34626290713\"><\/a><div class=\"fusion-text fusion-text-13\" style=\"--awb-content-alignment:center;--awb-text-color:var(--awb-color1);\"><p><a href=\"tel:+34626290713\">+34 626 290 713<\/a><\/p>\n<\/div><\/div><\/div><\/div><\/div><\/div><div class=\"fusion-layout-column fusion_builder_column fusion-builder-column-7 fusion_builder_column_1_5 1_5 fusion-flex-column\" style=\"--awb-bg-size:cover;--awb-width-large:20%;--awb-flex-grow:0;--awb-flex-shrink:0;--awb-margin-top-large:0px;--awb-spacing-right-large:9.6%;--awb-margin-bottom-large:0px;--awb-spacing-left-large:9.6%;--awb-width-medium:100%;--awb-order-medium:0;--awb-flex-grow-medium:0;--awb-flex-shrink-medium:0;--awb-spacing-right-medium:1.92%;--awb-spacing-left-medium:1.92%;--awb-width-small:100%;--awb-order-small:0;--awb-flex-grow-small:0;--awb-flex-shrink-small:0;--awb-spacing-right-small:1.92%;--awb-spacing-left-small:1.92%;\"><div class=\"fusion-column-wrapper fusion-column-has-shadow fusion-flex-justify-content-flex-start fusion-content-layout-column\"><\/div><\/div><\/div><\/div><div class=\"fusion-fullwidth fullwidth-box fusion-builder-row-5 fusion-flex-container has-pattern-background has-mask-background nonhundred-percent-fullwidth non-hundred-percent-height-scrolling\" style=\"--link_color: var(--awb-color8);--awb-border-color:var(--awb-color8);--awb-border-radius-top-left:0px;--awb-border-radius-top-right:0px;--awb-border-radius-bottom-right:0px;--awb-border-radius-bottom-left:0px;--awb-flex-wrap:wrap;\" ><div class=\"fusion-builder-row fusion-row fusion-flex-align-items-flex-start fusion-flex-justify-content-center fusion-flex-content-wrap\" style=\"max-width:1497.6px;margin-left: calc(-4% \/ 2 );margin-right: calc(-4% \/ 2 );\"><div class=\"fusion-layout-column fusion_builder_column fusion-builder-column-8 fusion_builder_column_1_1 1_1 fusion-flex-column\" style=\"--awb-bg-size:cover;--awb-width-large:100%;--awb-flex-grow:0;--awb-flex-shrink:0;--awb-margin-top-large:0px;--awb-spacing-right-large:1.92%;--awb-margin-bottom-large:0px;--awb-spacing-left-large:1.92%;--awb-width-medium:100%;--awb-order-medium:0;--awb-flex-grow-medium:0;--awb-flex-shrink-medium:0;--awb-spacing-right-medium:1.92%;--awb-spacing-left-medium:1.92%;--awb-width-small:100%;--awb-order-small:0;--awb-flex-grow-small:0;--awb-flex-shrink-small:0;--awb-spacing-right-small:1.92%;--awb-spacing-left-small:1.92%;\"><div class=\"fusion-column-wrapper fusion-column-has-shadow fusion-flex-justify-content-flex-start fusion-content-layout-column\"><div class=\"fusion-section-separator section-separator slant fusion-section-separator-1\" style=\"--awb-spacer-height:99px;--awb-svg-margin-left:1.92%;--awb-svg-margin-right:1.92%;--awb-svg-margin-left-medium:1.92%;--awb-svg-margin-right-medium:1.92%;--awb-svg-margin-left-small:1.92%;--awb-svg-margin-right-small:1.92%;--awb-divider-height:99px;--awb-spacer-padding-top:inherit;--awb-sep-padding:0;--awb-svg-padding:0;\"><div class=\"fusion-section-separator-svg\"><svg class=\"fusion-slant-candy\" xmlns=\"http:\/\/www.w3.org\/2000\/svg\" version=\"1.1\" width=\"100%\" height=\"100\" viewBox=\"0 0 100 100\" preserveAspectRatio=\"none\" fill=\"rgba(0,0,0,1)\"><path d=\"M0 100 L0 0 L100 0 Z\"><\/path><\/svg><\/div><div class=\"fusion-section-separator-spacer\"><div class=\"fusion-section-separator-spacer-height\"><\/div><\/div><\/div><\/div><\/div><\/div><\/div><div class=\"fusion-fullwidth fullwidth-box fusion-builder-row-6 fusion-flex-container has-pattern-background has-mask-background nonhundred-percent-fullwidth non-hundred-percent-height-scrolling\" style=\"--awb-border-radius-top-left:0px;--awb-border-radius-top-right:0px;--awb-border-radius-bottom-right:0px;--awb-border-radius-bottom-left:0px;--awb-padding-top:50px;--awb-padding-bottom:50px;--awb-flex-wrap:wrap;\" ><div class=\"fusion-builder-row fusion-row fusion-flex-align-items-flex-start fusion-flex-content-wrap\" style=\"max-width:1497.6px;margin-left: calc(-4% \/ 2 );margin-right: calc(-4% \/ 2 );\"><div class=\"fusion-layout-column fusion_builder_column fusion-builder-column-9 fusion-flex-column fusion-flex-align-self-center\" style=\"--awb-padding-bottom-small:40px;--awb-bg-size:cover;--awb-width-large:45%;--awb-flex-grow:0;--awb-flex-shrink:0;--awb-margin-top-large:0px;--awb-spacing-right-large:4.2666666666667%;--awb-margin-bottom-large:0px;--awb-spacing-left-large:4.2666666666667%;--awb-width-medium:100%;--awb-order-medium:0;--awb-flex-grow-medium:0;--awb-flex-shrink-medium:0;--awb-spacing-right-medium:1.92%;--awb-spacing-left-medium:1.92%;--awb-width-small:100%;--awb-order-small:0;--awb-flex-grow-small:0;--awb-flex-shrink-small:0;--awb-spacing-right-small:1.92%;--awb-spacing-left-small:1.92%;\"><div class=\"fusion-column-wrapper fusion-column-has-shadow fusion-flex-justify-content-flex-start fusion-content-layout-column\"><div class=\"fusion-text fusion-text-14 fusion-text-no-margin\" style=\"--awb-font-size:var(--awb-typography5-font-size);--awb-line-height:var(--awb-typography5-line-height);--awb-letter-spacing:var(--awb-typography5-letter-spacing);--awb-text-transform:none;--awb-text-color:var(--awb-color8);--awb-margin-bottom:0px;--awb-text-font-family:&#039;Times New Roman&#039;, Times,serif;--awb-text-font-style:normal;--awb-text-font-weight:400;\"><p><b>Reservation at Finca la Concepci\u00f3n<\/b><\/p>\n<\/div><div class=\"fusion-separator\" style=\"align-self: flex-start;margin-right:auto;margin-top:12px;margin-bottom:24px;width:100%;max-width:24%;\"><div class=\"fusion-separator-border sep-single sep-solid\" style=\"--awb-height:20px;--awb-amount:20px;--awb-sep-color:var(--awb-color8);border-color:var(--awb-color8);border-top-width:1px;\"><\/div><\/div><div class=\"fusion-title title fusion-title-16 fusion-sep-none fusion-title-text fusion-title-size-three\" style=\"--awb-text-color:var(--awb-color8);\"><h3 class=\"fusion-title-heading title-heading-left\" style=\"margin:0;\">We will be happy to answer any questions you may have!<\/h3><\/div><div class=\"fusion-text fusion-text-15\" style=\"--awb-font-size:var(--awb-typography4-font-size);--awb-line-height:var(--awb-typography4-line-height);--awb-letter-spacing:var(--awb-typography4-letter-spacing);--awb-text-transform:var(--awb-typography4-text-transform);--awb-text-color:var(--awb-color7);--awb-text-font-family:var(--awb-typography4-font-family);--awb-text-font-weight:var(--awb-typography4-font-weight);--awb-text-font-style:var(--awb-typography4-font-style);\"><p>We have the best team of professionals and years of experience that will make it possible to organize and realize the event of your dreams. Meetings, corporate events, new product presentations, celebrations, weddings, private parties, shows, social events&#8230;<br \/>\neverything is possible at Finca la Concepci\u00f3n!<\/p>\n<\/div><div ><a class=\"fusion-button button-flat fusion-button-default-size button-custom fusion-button-default button-2 fusion-button-default-span fusion-button-default-type #landing_formulario\" style=\"--button_accent_color:var(--awb-color1);--button_border_color:var(--awb-color1);--button_accent_hover_color:var(--awb-color1);--button_border_hover_color:var(--awb-color1);--button_gradient_top_color:var(--awb-color8);--button_gradient_bottom_color:var(--awb-color8);--button_gradient_top_color_hover:hsla(var(--awb-color5-h),var(--awb-color5-s),calc(var(--awb-color5-l) - 10%),var(--awb-color5-a));--button_gradient_bottom_color_hover:hsla(var(--awb-color5-h),var(--awb-color5-s),calc(var(--awb-color5-l) - 10%),var(--awb-color5-a));--button_text_transform:var(--awb-typography3-text-transform);--button_font_size:18px;--button_line_height:var(--awb-typography3-line-height);--button_padding-top:22px;--button_padding-right:40px;--button_padding-bottom:24px;--button_padding-left:40px;--button_typography-letter-spacing:var(--awb-typography3-letter-spacing);--button_typography-font-family:var(--awb-typography3-font-family);--button_typography-font-weight:var(--awb-typography3-font-weight);--button_typography-font-style:var(--awb-typography3-font-style);--button_margin-top:30px;width:calc(100%);\" target=\"_self\" data-hover=\"bg_slide_left\" href=\"#landing_formulario\"><span class=\"fusion-button-text awb-button__text awb-button__text--default\">FILL IN YOUR APPLICATION NOW<\/span><\/a><\/div><\/div><\/div><div class=\"fusion-layout-column fusion_builder_column fusion-builder-column-10 fusion-flex-column fusion-animated\" style=\"--awb-bg-size:cover;--awb-width-large:55%;--awb-flex-grow:0;--awb-flex-shrink:0;--awb-margin-top-large:0px;--awb-spacing-right-large:3.4909090909091%;--awb-margin-bottom-large:0px;--awb-spacing-left-large:3.4909090909091%;--awb-width-medium:100%;--awb-order-medium:0;--awb-flex-grow-medium:0;--awb-flex-shrink-medium:0;--awb-spacing-right-medium:1.92%;--awb-spacing-left-medium:1.92%;--awb-width-small:100%;--awb-order-small:0;--awb-flex-grow-small:0;--awb-flex-shrink-small:0;--awb-spacing-right-small:1.92%;--awb-spacing-left-small:1.92%;\" data-animationType=\"fadeInRight\" data-animationDuration=\"1.5\" data-animationDelay=\"0.5\" data-animationOffset=\"top-into-view\"><div class=\"fusion-column-wrapper fusion-column-has-shadow fusion-flex-justify-content-flex-start fusion-content-layout-column\"><div class=\"fusion-image-element \" style=\"--awb-caption-title-font-family:var(--h2_typography-font-family);--awb-caption-title-font-weight:var(--h2_typography-font-weight);--awb-caption-title-font-style:var(--h2_typography-font-style);--awb-caption-title-size:var(--h2_typography-font-size);--awb-caption-title-transform:var(--h2_typography-text-transform);--awb-caption-title-line-height:var(--h2_typography-line-height);--awb-caption-title-letter-spacing:var(--h2_typography-letter-spacing);\"><span class=\" fusion-imageframe imageframe-none imageframe-11 hover-type-none\"><a href=\"https:\/\/fincalaconcepcionmarbella.com\/24cpanel\/wp-content\/uploads\/2025\/03\/Mapa-Finca-La-Concepcion-1.png\" class=\"fusion-lightbox\" data-rel=\"iLightbox[d95bc1fe37122693e25]\" data-title=\"Mapa-Finca-La-Concepcion\" title=\"Mapa-Finca-La-Concepcion\"><img decoding=\"async\" width=\"1200\" height=\"848\" alt=\"Illustrated map of Finca la Concepci\u00f3n in Marbella\" src=\"https:\/\/fincalaconcepcionmarbella.com\/24cpanel\/wp-content\/uploads\/2025\/03\/Mapa-Finca-La-Concepcion-1.png\" data-orig-src=\"https:\/\/fincalaconcepcionmarbella.com\/24cpanel\/wp-content\/uploads\/2025\/03\/Mapa-Finca-La-Concepcion-1.png\" class=\"lazyload img-responsive wp-image-1613\" srcset=\"data:image\/svg+xml,%3Csvg%20xmlns%3D%27http%3A%2F%2Fwww.w3.org%2F2000%2Fsvg%27%20width%3D%271200%27%20height%3D%27848%27%20viewBox%3D%270%200%201200%20848%27%3E%3Crect%20width%3D%271200%27%20height%3D%27848%27%20fill-opacity%3D%220%22%2F%3E%3C%2Fsvg%3E\" data-srcset=\"https:\/\/fincalaconcepcionmarbella.com\/24cpanel\/wp-content\/uploads\/2025\/03\/Mapa-Finca-La-Concepcion-1-200x141.png 200w, https:\/\/fincalaconcepcionmarbella.com\/24cpanel\/wp-content\/uploads\/2025\/03\/Mapa-Finca-La-Concepcion-1-400x283.png 400w, https:\/\/fincalaconcepcionmarbella.com\/24cpanel\/wp-content\/uploads\/2025\/03\/Mapa-Finca-La-Concepcion-1-600x424.png 600w, https:\/\/fincalaconcepcionmarbella.com\/24cpanel\/wp-content\/uploads\/2025\/03\/Mapa-Finca-La-Concepcion-1-800x565.png 800w, https:\/\/fincalaconcepcionmarbella.com\/24cpanel\/wp-content\/uploads\/2025\/03\/Mapa-Finca-La-Concepcion-1.png 1200w\" data-sizes=\"auto\" data-orig-sizes=\"(max-width: 1024px) 100vw, (max-width: 640px) 100vw, 800px\" \/><\/a><\/span><\/div><\/div><\/div><\/div><\/div><div class=\"fusion-fullwidth fullwidth-box fusion-builder-row-7 fusion-flex-container has-pattern-background has-mask-background nonhundred-percent-fullwidth non-hundred-percent-height-scrolling\" style=\"--awb-border-radius-top-left:0px;--awb-border-radius-top-right:0px;--awb-border-radius-bottom-right:0px;--awb-border-radius-bottom-left:0px;--awb-flex-wrap:wrap;\" ><div class=\"fusion-builder-row fusion-row fusion-flex-align-items-flex-start fusion-flex-justify-content-center fusion-flex-content-wrap\" style=\"max-width:1497.6px;margin-left: calc(-4% \/ 2 );margin-right: calc(-4% \/ 2 );\"><div class=\"fusion-layout-column fusion_builder_column fusion-builder-column-11 fusion_builder_column_1_1 1_1 fusion-flex-column\" style=\"--awb-bg-size:cover;--awb-width-large:100%;--awb-flex-grow:0;--awb-flex-shrink:0;--awb-margin-top-large:0px;--awb-spacing-right-large:1.92%;--awb-margin-bottom-large:0px;--awb-spacing-left-large:1.92%;--awb-width-medium:100%;--awb-order-medium:0;--awb-flex-grow-medium:0;--awb-flex-shrink-medium:0;--awb-spacing-right-medium:1.92%;--awb-spacing-left-medium:1.92%;--awb-width-small:100%;--awb-order-small:0;--awb-flex-grow-small:0;--awb-flex-shrink-small:0;--awb-spacing-right-small:1.92%;--awb-spacing-left-small:1.92%;\"><div class=\"fusion-column-wrapper fusion-column-has-shadow fusion-flex-justify-content-flex-start fusion-content-layout-column\"><div class=\"fusion-section-separator section-separator slant fusion-section-separator-2\" style=\"--awb-spacer-height:99px;--awb-svg-margin-left:1.92%;--awb-svg-margin-right:1.92%;--awb-svg-margin-left-medium:1.92%;--awb-svg-margin-right-medium:1.92%;--awb-svg-margin-left-small:1.92%;--awb-svg-margin-right-small:1.92%;--awb-divider-height:99px;--awb-spacer-padding-top:inherit;--awb-sep-padding:0;--awb-svg-padding:0;--awb-svg-tag-margin-bottom:-3px;--awb-sep-svg-display:block;\"><div class=\"fusion-section-separator-svg\"><svg class=\"fusion-slant-candy\" xmlns=\"http:\/\/www.w3.org\/2000\/svg\" version=\"1.1\" width=\"100%\" height=\"100\" viewBox=\"0 0 100 100\" preserveAspectRatio=\"none\" fill=\"rgba(0,0,0,1)\"><path d=\"M100 0 L0 100 L101 100 Z\"><\/path><\/svg><\/div><div class=\"fusion-section-separator-spacer\"><div class=\"fusion-section-separator-spacer-height\"><\/div><\/div><\/div><\/div><\/div><\/div><\/div><div class=\"fusion-fullwidth fullwidth-box fusion-builder-row-8 fusion-flex-container has-pattern-background has-mask-background nonhundred-percent-fullwidth non-hundred-percent-height-scrolling\" style=\"--awb-border-radius-top-left:0px;--awb-border-radius-top-right:0px;--awb-border-radius-bottom-right:0px;--awb-border-radius-bottom-left:0px;--awb-padding-top:100px;--awb-padding-bottom:40px;--awb-background-color:hsla(var(--awb-color5-h),var(--awb-color5-s),calc(var(--awb-color5-l) - 40%),var(--awb-color5-a));--awb-flex-wrap:wrap;\" ><div class=\"fusion-builder-row fusion-row fusion-flex-align-items-flex-start fusion-flex-justify-content-center fusion-flex-content-wrap\" style=\"max-width:1497.6px;margin-left: calc(-4% \/ 2 );margin-right: calc(-4% \/ 2 );\"><div class=\"fusion-layout-column fusion_builder_column fusion-builder-column-12 fusion-flex-column fusion-animated\" style=\"--awb-padding-top:265px;--awb-padding-bottom:265px;--awb-bg-size:cover;--awb-width-large:60%;--awb-flex-grow:0;--awb-flex-shrink:0;--awb-margin-top-large:0px;--awb-spacing-right-large:3.2%;--awb-margin-bottom-large:60px;--awb-spacing-left-large:3.2%;--awb-width-medium:100%;--awb-order-medium:0;--awb-flex-grow-medium:0;--awb-flex-shrink-medium:0;--awb-spacing-right-medium:1.92%;--awb-spacing-left-medium:1.92%;--awb-width-small:100%;--awb-order-small:0;--awb-flex-grow-small:0;--awb-flex-shrink-small:0;--awb-spacing-right-small:1.92%;--awb-spacing-left-small:1.92%;\" data-animationType=\"fadeInUp\" data-animationDuration=\"1.5\" data-animationDelay=\"0.5\" data-animationOffset=\"top-into-view\" data-scroll-devices=\"small-visibility,medium-visibility,large-visibility\"><div class=\"awb-column__background-slider\" ><div class=\"awb-background-slider\" data-type=\"column\" data-loop=\"yes\" data-animation=\"fade\" data-slideshow-speed=\"5000\" data-animation-speed=\"800\" data-direction=\"up\" style=\"--awb-image-position:50% 50%;\"><div class=\"swiper-wrapper\"><div class=\"swiper-slide\"><img decoding=\"async\" width=\"1500\" height=\"1000\" src=\"https:\/\/fincalaconcepcionmarbella.com\/24cpanel\/wp-content\/uploads\/2024\/10\/eventos-finca-la-concepcion-01.jpg\" class=\"awb-background-slider__image lazyload\" alt=\"\" srcset=\"data:image\/svg+xml,%3Csvg%20xmlns%3D%27http%3A%2F%2Fwww.w3.org%2F2000%2Fsvg%27%20width%3D%271500%27%20height%3D%271000%27%20viewBox%3D%270%200%201500%201000%27%3E%3Crect%20width%3D%271500%27%20height%3D%271000%27%20fill-opacity%3D%220%22%2F%3E%3C%2Fsvg%3E\" data-orig-src=\"https:\/\/fincalaconcepcionmarbella.com\/24cpanel\/wp-content\/uploads\/2024\/10\/eventos-finca-la-concepcion-01.jpg\" data-srcset=\"https:\/\/fincalaconcepcionmarbella.com\/24cpanel\/wp-content\/uploads\/2024\/10\/eventos-finca-la-concepcion-01-200x133.jpg 200w, https:\/\/fincalaconcepcionmarbella.com\/24cpanel\/wp-content\/uploads\/2024\/10\/eventos-finca-la-concepcion-01-300x200.jpg 300w, https:\/\/fincalaconcepcionmarbella.com\/24cpanel\/wp-content\/uploads\/2024\/10\/eventos-finca-la-concepcion-01-400x267.jpg 400w, https:\/\/fincalaconcepcionmarbella.com\/24cpanel\/wp-content\/uploads\/2024\/10\/eventos-finca-la-concepcion-01-600x400.jpg 600w, https:\/\/fincalaconcepcionmarbella.com\/24cpanel\/wp-content\/uploads\/2024\/10\/eventos-finca-la-concepcion-01-768x512.jpg 768w, https:\/\/fincalaconcepcionmarbella.com\/24cpanel\/wp-content\/uploads\/2024\/10\/eventos-finca-la-concepcion-01-800x533.jpg 800w, https:\/\/fincalaconcepcionmarbella.com\/24cpanel\/wp-content\/uploads\/2024\/10\/eventos-finca-la-concepcion-01-1024x683.jpg 1024w, https:\/\/fincalaconcepcionmarbella.com\/24cpanel\/wp-content\/uploads\/2024\/10\/eventos-finca-la-concepcion-01-1200x800.jpg 1200w, https:\/\/fincalaconcepcionmarbella.com\/24cpanel\/wp-content\/uploads\/2024\/10\/eventos-finca-la-concepcion-01.jpg 1500w\" data-sizes=\"auto\" \/><\/div><div class=\"swiper-slide\"><img decoding=\"async\" width=\"1000\" height=\"667\" src=\"https:\/\/fincalaconcepcionmarbella.com\/24cpanel\/wp-content\/uploads\/2024\/10\/eventos-finca-la-concepcion-29.jpg\" class=\"awb-background-slider__image lazyload\" alt=\"\" srcset=\"data:image\/svg+xml,%3Csvg%20xmlns%3D%27http%3A%2F%2Fwww.w3.org%2F2000%2Fsvg%27%20width%3D%271000%27%20height%3D%27667%27%20viewBox%3D%270%200%201000%20667%27%3E%3Crect%20width%3D%271000%27%20height%3D%27667%27%20fill-opacity%3D%220%22%2F%3E%3C%2Fsvg%3E\" data-orig-src=\"https:\/\/fincalaconcepcionmarbella.com\/24cpanel\/wp-content\/uploads\/2024\/10\/eventos-finca-la-concepcion-29.jpg\" data-srcset=\"https:\/\/fincalaconcepcionmarbella.com\/24cpanel\/wp-content\/uploads\/2024\/10\/eventos-finca-la-concepcion-29-200x133.jpg 200w, https:\/\/fincalaconcepcionmarbella.com\/24cpanel\/wp-content\/uploads\/2024\/10\/eventos-finca-la-concepcion-29-300x200.jpg 300w, https:\/\/fincalaconcepcionmarbella.com\/24cpanel\/wp-content\/uploads\/2024\/10\/eventos-finca-la-concepcion-29-400x267.jpg 400w, https:\/\/fincalaconcepcionmarbella.com\/24cpanel\/wp-content\/uploads\/2024\/10\/eventos-finca-la-concepcion-29-600x400.jpg 600w, https:\/\/fincalaconcepcionmarbella.com\/24cpanel\/wp-content\/uploads\/2024\/10\/eventos-finca-la-concepcion-29-768x512.jpg 768w, https:\/\/fincalaconcepcionmarbella.com\/24cpanel\/wp-content\/uploads\/2024\/10\/eventos-finca-la-concepcion-29-800x534.jpg 800w, https:\/\/fincalaconcepcionmarbella.com\/24cpanel\/wp-content\/uploads\/2024\/10\/eventos-finca-la-concepcion-29.jpg 1000w\" data-sizes=\"auto\" \/><\/div><div class=\"swiper-slide\"><img decoding=\"async\" width=\"1000\" height=\"667\" src=\"https:\/\/fincalaconcepcionmarbella.com\/24cpanel\/wp-content\/uploads\/2024\/10\/la-finca-concepcion-01.jpg\" class=\"awb-background-slider__image lazyload\" alt=\"\" srcset=\"data:image\/svg+xml,%3Csvg%20xmlns%3D%27http%3A%2F%2Fwww.w3.org%2F2000%2Fsvg%27%20width%3D%271000%27%20height%3D%27667%27%20viewBox%3D%270%200%201000%20667%27%3E%3Crect%20width%3D%271000%27%20height%3D%27667%27%20fill-opacity%3D%220%22%2F%3E%3C%2Fsvg%3E\" data-orig-src=\"https:\/\/fincalaconcepcionmarbella.com\/24cpanel\/wp-content\/uploads\/2024\/10\/la-finca-concepcion-01.jpg\" data-srcset=\"https:\/\/fincalaconcepcionmarbella.com\/24cpanel\/wp-content\/uploads\/2024\/10\/la-finca-concepcion-01-200x133.jpg 200w, https:\/\/fincalaconcepcionmarbella.com\/24cpanel\/wp-content\/uploads\/2024\/10\/la-finca-concepcion-01-300x200.jpg 300w, https:\/\/fincalaconcepcionmarbella.com\/24cpanel\/wp-content\/uploads\/2024\/10\/la-finca-concepcion-01-400x267.jpg 400w, https:\/\/fincalaconcepcionmarbella.com\/24cpanel\/wp-content\/uploads\/2024\/10\/la-finca-concepcion-01-600x400.jpg 600w, https:\/\/fincalaconcepcionmarbella.com\/24cpanel\/wp-content\/uploads\/2024\/10\/la-finca-concepcion-01-768x512.jpg 768w, https:\/\/fincalaconcepcionmarbella.com\/24cpanel\/wp-content\/uploads\/2024\/10\/la-finca-concepcion-01-800x534.jpg 800w, https:\/\/fincalaconcepcionmarbella.com\/24cpanel\/wp-content\/uploads\/2024\/10\/la-finca-concepcion-01.jpg 1000w\" data-sizes=\"auto\" \/><\/div><div class=\"swiper-slide\"><img decoding=\"async\" width=\"900\" height=\"601\" src=\"https:\/\/fincalaconcepcionmarbella.com\/24cpanel\/wp-content\/uploads\/2024\/10\/eventos-finca-la-concepcion-marbella-19.jpg\" class=\"awb-background-slider__image lazyload\" alt=\"\" srcset=\"data:image\/svg+xml,%3Csvg%20xmlns%3D%27http%3A%2F%2Fwww.w3.org%2F2000%2Fsvg%27%20width%3D%27900%27%20height%3D%27601%27%20viewBox%3D%270%200%20900%20601%27%3E%3Crect%20width%3D%27900%27%20height%3D%27601%27%20fill-opacity%3D%220%22%2F%3E%3C%2Fsvg%3E\" data-orig-src=\"https:\/\/fincalaconcepcionmarbella.com\/24cpanel\/wp-content\/uploads\/2024\/10\/eventos-finca-la-concepcion-marbella-19.jpg\" data-srcset=\"https:\/\/fincalaconcepcionmarbella.com\/24cpanel\/wp-content\/uploads\/2024\/10\/eventos-finca-la-concepcion-marbella-19-200x134.jpg 200w, https:\/\/fincalaconcepcionmarbella.com\/24cpanel\/wp-content\/uploads\/2024\/10\/eventos-finca-la-concepcion-marbella-19-300x200.jpg 300w, https:\/\/fincalaconcepcionmarbella.com\/24cpanel\/wp-content\/uploads\/2024\/10\/eventos-finca-la-concepcion-marbella-19-400x267.jpg 400w, https:\/\/fincalaconcepcionmarbella.com\/24cpanel\/wp-content\/uploads\/2024\/10\/eventos-finca-la-concepcion-marbella-19-600x401.jpg 600w, https:\/\/fincalaconcepcionmarbella.com\/24cpanel\/wp-content\/uploads\/2024\/10\/eventos-finca-la-concepcion-marbella-19-768x513.jpg 768w, https:\/\/fincalaconcepcionmarbella.com\/24cpanel\/wp-content\/uploads\/2024\/10\/eventos-finca-la-concepcion-marbella-19-800x534.jpg 800w, https:\/\/fincalaconcepcionmarbella.com\/24cpanel\/wp-content\/uploads\/2024\/10\/eventos-finca-la-concepcion-marbella-19.jpg 900w\" data-sizes=\"auto\" \/><\/div><div class=\"swiper-slide\"><img decoding=\"async\" width=\"1500\" height=\"1000\" src=\"https:\/\/fincalaconcepcionmarbella.com\/24cpanel\/wp-content\/uploads\/2024\/10\/cortijo-la-finca.jpg\" class=\"awb-background-slider__image lazyload\" alt=\"\" srcset=\"data:image\/svg+xml,%3Csvg%20xmlns%3D%27http%3A%2F%2Fwww.w3.org%2F2000%2Fsvg%27%20width%3D%271500%27%20height%3D%271000%27%20viewBox%3D%270%200%201500%201000%27%3E%3Crect%20width%3D%271500%27%20height%3D%271000%27%20fill-opacity%3D%220%22%2F%3E%3C%2Fsvg%3E\" data-orig-src=\"https:\/\/fincalaconcepcionmarbella.com\/24cpanel\/wp-content\/uploads\/2024\/10\/cortijo-la-finca.jpg\" data-srcset=\"https:\/\/fincalaconcepcionmarbella.com\/24cpanel\/wp-content\/uploads\/2024\/10\/cortijo-la-finca-200x133.jpg 200w, https:\/\/fincalaconcepcionmarbella.com\/24cpanel\/wp-content\/uploads\/2024\/10\/cortijo-la-finca-300x200.jpg 300w, https:\/\/fincalaconcepcionmarbella.com\/24cpanel\/wp-content\/uploads\/2024\/10\/cortijo-la-finca-400x267.jpg 400w, https:\/\/fincalaconcepcionmarbella.com\/24cpanel\/wp-content\/uploads\/2024\/10\/cortijo-la-finca-600x400.jpg 600w, https:\/\/fincalaconcepcionmarbella.com\/24cpanel\/wp-content\/uploads\/2024\/10\/cortijo-la-finca-768x512.jpg 768w, https:\/\/fincalaconcepcionmarbella.com\/24cpanel\/wp-content\/uploads\/2024\/10\/cortijo-la-finca-800x533.jpg 800w, https:\/\/fincalaconcepcionmarbella.com\/24cpanel\/wp-content\/uploads\/2024\/10\/cortijo-la-finca-1024x683.jpg 1024w, https:\/\/fincalaconcepcionmarbella.com\/24cpanel\/wp-content\/uploads\/2024\/10\/cortijo-la-finca-1200x800.jpg 1200w, https:\/\/fincalaconcepcionmarbella.com\/24cpanel\/wp-content\/uploads\/2024\/10\/cortijo-la-finca.jpg 1500w\" data-sizes=\"auto\" \/><\/div><div class=\"swiper-slide\"><img decoding=\"async\" width=\"1500\" height=\"844\" src=\"https:\/\/fincalaconcepcionmarbella.com\/24cpanel\/wp-content\/uploads\/2024\/10\/cenador-la-finca.jpg\" class=\"awb-background-slider__image lazyload\" alt=\"\" srcset=\"data:image\/svg+xml,%3Csvg%20xmlns%3D%27http%3A%2F%2Fwww.w3.org%2F2000%2Fsvg%27%20width%3D%271500%27%20height%3D%27844%27%20viewBox%3D%270%200%201500%20844%27%3E%3Crect%20width%3D%271500%27%20height%3D%27844%27%20fill-opacity%3D%220%22%2F%3E%3C%2Fsvg%3E\" data-orig-src=\"https:\/\/fincalaconcepcionmarbella.com\/24cpanel\/wp-content\/uploads\/2024\/10\/cenador-la-finca.jpg\" data-srcset=\"https:\/\/fincalaconcepcionmarbella.com\/24cpanel\/wp-content\/uploads\/2024\/10\/cenador-la-finca-200x113.jpg 200w, https:\/\/fincalaconcepcionmarbella.com\/24cpanel\/wp-content\/uploads\/2024\/10\/cenador-la-finca-300x169.jpg 300w, https:\/\/fincalaconcepcionmarbella.com\/24cpanel\/wp-content\/uploads\/2024\/10\/cenador-la-finca-400x225.jpg 400w, https:\/\/fincalaconcepcionmarbella.com\/24cpanel\/wp-content\/uploads\/2024\/10\/cenador-la-finca-600x338.jpg 600w, https:\/\/fincalaconcepcionmarbella.com\/24cpanel\/wp-content\/uploads\/2024\/10\/cenador-la-finca-768x432.jpg 768w, https:\/\/fincalaconcepcionmarbella.com\/24cpanel\/wp-content\/uploads\/2024\/10\/cenador-la-finca-800x450.jpg 800w, https:\/\/fincalaconcepcionmarbella.com\/24cpanel\/wp-content\/uploads\/2024\/10\/cenador-la-finca-1024x576.jpg 1024w, https:\/\/fincalaconcepcionmarbella.com\/24cpanel\/wp-content\/uploads\/2024\/10\/cenador-la-finca-1200x675.jpg 1200w, https:\/\/fincalaconcepcionmarbella.com\/24cpanel\/wp-content\/uploads\/2024\/10\/cenador-la-finca.jpg 1500w\" data-sizes=\"auto\" \/><\/div><div class=\"swiper-slide\"><img decoding=\"async\" width=\"1500\" height=\"844\" src=\"https:\/\/fincalaconcepcionmarbella.com\/24cpanel\/wp-content\/uploads\/2024\/10\/nogal-la-finca.jpg\" class=\"awb-background-slider__image lazyload\" alt=\"\" srcset=\"data:image\/svg+xml,%3Csvg%20xmlns%3D%27http%3A%2F%2Fwww.w3.org%2F2000%2Fsvg%27%20width%3D%271500%27%20height%3D%27844%27%20viewBox%3D%270%200%201500%20844%27%3E%3Crect%20width%3D%271500%27%20height%3D%27844%27%20fill-opacity%3D%220%22%2F%3E%3C%2Fsvg%3E\" data-orig-src=\"https:\/\/fincalaconcepcionmarbella.com\/24cpanel\/wp-content\/uploads\/2024\/10\/nogal-la-finca.jpg\" data-srcset=\"https:\/\/fincalaconcepcionmarbella.com\/24cpanel\/wp-content\/uploads\/2024\/10\/nogal-la-finca-200x113.jpg 200w, https:\/\/fincalaconcepcionmarbella.com\/24cpanel\/wp-content\/uploads\/2024\/10\/nogal-la-finca-300x169.jpg 300w, https:\/\/fincalaconcepcionmarbella.com\/24cpanel\/wp-content\/uploads\/2024\/10\/nogal-la-finca-400x225.jpg 400w, https:\/\/fincalaconcepcionmarbella.com\/24cpanel\/wp-content\/uploads\/2024\/10\/nogal-la-finca-600x338.jpg 600w, https:\/\/fincalaconcepcionmarbella.com\/24cpanel\/wp-content\/uploads\/2024\/10\/nogal-la-finca-768x432.jpg 768w, https:\/\/fincalaconcepcionmarbella.com\/24cpanel\/wp-content\/uploads\/2024\/10\/nogal-la-finca-800x450.jpg 800w, https:\/\/fincalaconcepcionmarbella.com\/24cpanel\/wp-content\/uploads\/2024\/10\/nogal-la-finca-1024x576.jpg 1024w, https:\/\/fincalaconcepcionmarbella.com\/24cpanel\/wp-content\/uploads\/2024\/10\/nogal-la-finca-1200x675.jpg 1200w, https:\/\/fincalaconcepcionmarbella.com\/24cpanel\/wp-content\/uploads\/2024\/10\/nogal-la-finca.jpg 1500w\" data-sizes=\"auto\" \/><\/div><div class=\"swiper-slide\"><img decoding=\"async\" width=\"1500\" height=\"844\" src=\"https:\/\/fincalaconcepcionmarbella.com\/24cpanel\/wp-content\/uploads\/2024\/10\/finca-la-concepcion-bodas-2024-09.jpg\" class=\"awb-background-slider__image lazyload\" alt=\"\" srcset=\"data:image\/svg+xml,%3Csvg%20xmlns%3D%27http%3A%2F%2Fwww.w3.org%2F2000%2Fsvg%27%20width%3D%271500%27%20height%3D%27844%27%20viewBox%3D%270%200%201500%20844%27%3E%3Crect%20width%3D%271500%27%20height%3D%27844%27%20fill-opacity%3D%220%22%2F%3E%3C%2Fsvg%3E\" data-orig-src=\"https:\/\/fincalaconcepcionmarbella.com\/24cpanel\/wp-content\/uploads\/2024\/10\/finca-la-concepcion-bodas-2024-09.jpg\" data-srcset=\"https:\/\/fincalaconcepcionmarbella.com\/24cpanel\/wp-content\/uploads\/2024\/10\/finca-la-concepcion-bodas-2024-09-200x113.jpg 200w, https:\/\/fincalaconcepcionmarbella.com\/24cpanel\/wp-content\/uploads\/2024\/10\/finca-la-concepcion-bodas-2024-09-300x169.jpg 300w, https:\/\/fincalaconcepcionmarbella.com\/24cpanel\/wp-content\/uploads\/2024\/10\/finca-la-concepcion-bodas-2024-09-400x225.jpg 400w, https:\/\/fincalaconcepcionmarbella.com\/24cpanel\/wp-content\/uploads\/2024\/10\/finca-la-concepcion-bodas-2024-09-600x338.jpg 600w, https:\/\/fincalaconcepcionmarbella.com\/24cpanel\/wp-content\/uploads\/2024\/10\/finca-la-concepcion-bodas-2024-09-768x432.jpg 768w, https:\/\/fincalaconcepcionmarbella.com\/24cpanel\/wp-content\/uploads\/2024\/10\/finca-la-concepcion-bodas-2024-09-800x450.jpg 800w, https:\/\/fincalaconcepcionmarbella.com\/24cpanel\/wp-content\/uploads\/2024\/10\/finca-la-concepcion-bodas-2024-09-1024x576.jpg 1024w, https:\/\/fincalaconcepcionmarbella.com\/24cpanel\/wp-content\/uploads\/2024\/10\/finca-la-concepcion-bodas-2024-09-1200x675.jpg 1200w, https:\/\/fincalaconcepcionmarbella.com\/24cpanel\/wp-content\/uploads\/2024\/10\/finca-la-concepcion-bodas-2024-09.jpg 1500w\" data-sizes=\"auto\" \/><\/div><div class=\"swiper-slide\"><img decoding=\"async\" width=\"1920\" height=\"1270\" src=\"https:\/\/fincalaconcepcionmarbella.com\/24cpanel\/wp-content\/uploads\/2024\/12\/finca-la-concepcion-marbella-marbella-5.jpg\" class=\"awb-background-slider__image lazyload\" alt=\"\" srcset=\"data:image\/svg+xml,%3Csvg%20xmlns%3D%27http%3A%2F%2Fwww.w3.org%2F2000%2Fsvg%27%20width%3D%271920%27%20height%3D%271270%27%20viewBox%3D%270%200%201920%201270%27%3E%3Crect%20width%3D%271920%27%20height%3D%271270%27%20fill-opacity%3D%220%22%2F%3E%3C%2Fsvg%3E\" data-orig-src=\"https:\/\/fincalaconcepcionmarbella.com\/24cpanel\/wp-content\/uploads\/2024\/12\/finca-la-concepcion-marbella-marbella-5.jpg\" data-srcset=\"https:\/\/fincalaconcepcionmarbella.com\/24cpanel\/wp-content\/uploads\/2024\/12\/finca-la-concepcion-marbella-marbella-5-200x132.jpg 200w, https:\/\/fincalaconcepcionmarbella.com\/24cpanel\/wp-content\/uploads\/2024\/12\/finca-la-concepcion-marbella-marbella-5-300x198.jpg 300w, https:\/\/fincalaconcepcionmarbella.com\/24cpanel\/wp-content\/uploads\/2024\/12\/finca-la-concepcion-marbella-marbella-5-400x265.jpg 400w, https:\/\/fincalaconcepcionmarbella.com\/24cpanel\/wp-content\/uploads\/2024\/12\/finca-la-concepcion-marbella-marbella-5-600x397.jpg 600w, https:\/\/fincalaconcepcionmarbella.com\/24cpanel\/wp-content\/uploads\/2024\/12\/finca-la-concepcion-marbella-marbella-5-768x508.jpg 768w, https:\/\/fincalaconcepcionmarbella.com\/24cpanel\/wp-content\/uploads\/2024\/12\/finca-la-concepcion-marbella-marbella-5-800x529.jpg 800w, https:\/\/fincalaconcepcionmarbella.com\/24cpanel\/wp-content\/uploads\/2024\/12\/finca-la-concepcion-marbella-marbella-5-1024x677.jpg 1024w, https:\/\/fincalaconcepcionmarbella.com\/24cpanel\/wp-content\/uploads\/2024\/12\/finca-la-concepcion-marbella-marbella-5-1200x794.jpg 1200w, https:\/\/fincalaconcepcionmarbella.com\/24cpanel\/wp-content\/uploads\/2024\/12\/finca-la-concepcion-marbella-marbella-5-1536x1016.jpg 1536w, https:\/\/fincalaconcepcionmarbella.com\/24cpanel\/wp-content\/uploads\/2024\/12\/finca-la-concepcion-marbella-marbella-5.jpg 1920w\" data-sizes=\"auto\" \/><\/div><div class=\"swiper-slide\"><img decoding=\"async\" width=\"1920\" height=\"1080\" src=\"https:\/\/fincalaconcepcionmarbella.com\/24cpanel\/wp-content\/uploads\/2024\/12\/finca-la-concepcion-marbella-marbella-26.jpg\" class=\"awb-background-slider__image lazyload\" alt=\"\" srcset=\"data:image\/svg+xml,%3Csvg%20xmlns%3D%27http%3A%2F%2Fwww.w3.org%2F2000%2Fsvg%27%20width%3D%271920%27%20height%3D%271080%27%20viewBox%3D%270%200%201920%201080%27%3E%3Crect%20width%3D%271920%27%20height%3D%271080%27%20fill-opacity%3D%220%22%2F%3E%3C%2Fsvg%3E\" data-orig-src=\"https:\/\/fincalaconcepcionmarbella.com\/24cpanel\/wp-content\/uploads\/2024\/12\/finca-la-concepcion-marbella-marbella-26.jpg\" data-srcset=\"https:\/\/fincalaconcepcionmarbella.com\/24cpanel\/wp-content\/uploads\/2024\/12\/finca-la-concepcion-marbella-marbella-26-200x113.jpg 200w, https:\/\/fincalaconcepcionmarbella.com\/24cpanel\/wp-content\/uploads\/2024\/12\/finca-la-concepcion-marbella-marbella-26-300x169.jpg 300w, https:\/\/fincalaconcepcionmarbella.com\/24cpanel\/wp-content\/uploads\/2024\/12\/finca-la-concepcion-marbella-marbella-26-400x225.jpg 400w, https:\/\/fincalaconcepcionmarbella.com\/24cpanel\/wp-content\/uploads\/2024\/12\/finca-la-concepcion-marbella-marbella-26-600x338.jpg 600w, https:\/\/fincalaconcepcionmarbella.com\/24cpanel\/wp-content\/uploads\/2024\/12\/finca-la-concepcion-marbella-marbella-26-768x432.jpg 768w, https:\/\/fincalaconcepcionmarbella.com\/24cpanel\/wp-content\/uploads\/2024\/12\/finca-la-concepcion-marbella-marbella-26-800x450.jpg 800w, https:\/\/fincalaconcepcionmarbella.com\/24cpanel\/wp-content\/uploads\/2024\/12\/finca-la-concepcion-marbella-marbella-26-1024x576.jpg 1024w, https:\/\/fincalaconcepcionmarbella.com\/24cpanel\/wp-content\/uploads\/2024\/12\/finca-la-concepcion-marbella-marbella-26-1200x675.jpg 1200w, https:\/\/fincalaconcepcionmarbella.com\/24cpanel\/wp-content\/uploads\/2024\/12\/finca-la-concepcion-marbella-marbella-26-1536x864.jpg 1536w, https:\/\/fincalaconcepcionmarbella.com\/24cpanel\/wp-content\/uploads\/2024\/12\/finca-la-concepcion-marbella-marbella-26.jpg 1920w\" data-sizes=\"auto\" \/><\/div><div class=\"swiper-slide\"><img decoding=\"async\" width=\"1920\" height=\"1080\" src=\"https:\/\/fincalaconcepcionmarbella.com\/24cpanel\/wp-content\/uploads\/2024\/12\/finca-la-concepcion-marbella-marbella-27.jpg\" class=\"awb-background-slider__image lazyload\" alt=\"\" srcset=\"data:image\/svg+xml,%3Csvg%20xmlns%3D%27http%3A%2F%2Fwww.w3.org%2F2000%2Fsvg%27%20width%3D%271920%27%20height%3D%271080%27%20viewBox%3D%270%200%201920%201080%27%3E%3Crect%20width%3D%271920%27%20height%3D%271080%27%20fill-opacity%3D%220%22%2F%3E%3C%2Fsvg%3E\" data-orig-src=\"https:\/\/fincalaconcepcionmarbella.com\/24cpanel\/wp-content\/uploads\/2024\/12\/finca-la-concepcion-marbella-marbella-27.jpg\" data-srcset=\"https:\/\/fincalaconcepcionmarbella.com\/24cpanel\/wp-content\/uploads\/2024\/12\/finca-la-concepcion-marbella-marbella-27-200x113.jpg 200w, https:\/\/fincalaconcepcionmarbella.com\/24cpanel\/wp-content\/uploads\/2024\/12\/finca-la-concepcion-marbella-marbella-27-300x169.jpg 300w, https:\/\/fincalaconcepcionmarbella.com\/24cpanel\/wp-content\/uploads\/2024\/12\/finca-la-concepcion-marbella-marbella-27-400x225.jpg 400w, https:\/\/fincalaconcepcionmarbella.com\/24cpanel\/wp-content\/uploads\/2024\/12\/finca-la-concepcion-marbella-marbella-27-600x338.jpg 600w, https:\/\/fincalaconcepcionmarbella.com\/24cpanel\/wp-content\/uploads\/2024\/12\/finca-la-concepcion-marbella-marbella-27-768x432.jpg 768w, https:\/\/fincalaconcepcionmarbella.com\/24cpanel\/wp-content\/uploads\/2024\/12\/finca-la-concepcion-marbella-marbella-27-800x450.jpg 800w, https:\/\/fincalaconcepcionmarbella.com\/24cpanel\/wp-content\/uploads\/2024\/12\/finca-la-concepcion-marbella-marbella-27-1024x576.jpg 1024w, https:\/\/fincalaconcepcionmarbella.com\/24cpanel\/wp-content\/uploads\/2024\/12\/finca-la-concepcion-marbella-marbella-27-1200x675.jpg 1200w, https:\/\/fincalaconcepcionmarbella.com\/24cpanel\/wp-content\/uploads\/2024\/12\/finca-la-concepcion-marbella-marbella-27-1536x864.jpg 1536w, https:\/\/fincalaconcepcionmarbella.com\/24cpanel\/wp-content\/uploads\/2024\/12\/finca-la-concepcion-marbella-marbella-27.jpg 1920w\" data-sizes=\"auto\" \/><\/div><\/div><\/div><\/div><div class=\"fusion-column-wrapper fusion-column-has-shadow fusion-flex-justify-content-flex-start fusion-content-layout-column\"><div class=\"awb-column__content\"><\/div><\/div><\/div><div class=\"fusion-layout-column fusion_builder_column fusion-builder-column-13 fusion-flex-column\" style=\"--awb-bg-size:cover;--awb-width-large:88%;--awb-flex-grow:0;--awb-flex-shrink:0;--awb-margin-top-large:0px;--awb-spacing-right-large:2.1818181818182%;--awb-margin-bottom-large:0px;--awb-spacing-left-large:2.1818181818182%;--awb-width-medium:100%;--awb-order-medium:0;--awb-flex-grow-medium:0;--awb-flex-shrink-medium:0;--awb-spacing-right-medium:1.92%;--awb-spacing-left-medium:1.92%;--awb-width-small:100%;--awb-order-small:0;--awb-flex-grow-small:0;--awb-flex-shrink-small:0;--awb-spacing-right-small:1.92%;--awb-spacing-left-small:1.92%;\" data-scroll-devices=\"small-visibility,medium-visibility,large-visibility\"><div class=\"fusion-column-wrapper fusion-column-has-shadow fusion-flex-justify-content-flex-start fusion-content-layout-column\"><div class=\"fusion-title title fusion-title-17 fusion-sep-none fusion-title-center fusion-title-text fusion-title-size-two\" style=\"--awb-text-color:var(--awb-color1);\"><h2 class=\"fusion-title-heading title-heading-center\" style=\"margin:0;\">Get in touch with us<\/h2><\/div><div class=\"fusion-separator\" style=\"align-self: center;margin-left: auto;margin-right: auto;margin-top:12px;margin-bottom:24px;width:100%;max-width:24%;\"><div class=\"fusion-separator-border sep-single sep-solid\" style=\"--awb-height:20px;--awb-amount:20px;--awb-sep-color:var(--awb-color1);border-color:var(--awb-color1);border-top-width:1px;\"><\/div><\/div><\/div><\/div><div class=\"fusion-layout-column fusion_builder_column fusion-builder-column-14 fusion-flex-column\" style=\"--awb-padding-top:40px;--awb-bg-color:rgba(255,255,255,0.18);--awb-bg-color-hover:rgba(255,255,255,0.18);--awb-bg-size:cover;--awb-width-large:88%;--awb-flex-grow:0;--awb-flex-shrink:0;--awb-margin-top-large:0px;--awb-spacing-right-large:2.1818181818182%;--awb-margin-bottom-large:0px;--awb-spacing-left-large:2.1818181818182%;--awb-width-medium:100%;--awb-order-medium:0;--awb-flex-grow-medium:0;--awb-flex-shrink-medium:0;--awb-spacing-right-medium:1.92%;--awb-spacing-left-medium:1.92%;--awb-width-small:100%;--awb-order-small:0;--awb-flex-grow-small:0;--awb-flex-shrink-small:0;--awb-spacing-right-small:1.92%;--awb-spacing-left-small:1.92%;\" data-scroll-devices=\"small-visibility,medium-visibility,large-visibility\"><div class=\"fusion-column-wrapper fusion-column-has-shadow fusion-flex-justify-content-flex-start fusion-content-layout-column\"><div class=\"fusion-form fusion-form-builder fusion-form-form-wrapper fusion-form-1691 has-icon-alignment\" style=\"--awb-tooltip-text-color:#ffffff;--awb-tooltip-background-color:#333333;--awb-field-margin-top:10px;--awb-field-margin-bottom:10px;--awb-form-input-height:40px;--awb-label-font-size:12px;--awb-form-font-size:12px;--awb-form-placeholder-color:var(--awb-color7);--awb-form-text-color:var(--awb-color4);--awb-form-label-color:var(--awb-color2);--awb-form-border-width-top:0px;--awb-form-border-width-bottom:0px;--awb-form-border-width-right:0px;--awb-form-border-width-left:0px;--awb-form-border-radius:0px;--awb-icon-alignment-top:0px;--awb-icon-alignment-bottom:0px;--awb-icon-alignment-font-size:12px;\" data-form-id=\"1691\" data-config=\"{&quot;form_id&quot;:1691,&quot;form_post_id&quot;:1691,&quot;post_id&quot;:1680,&quot;form_type&quot;:&quot;ajax&quot;,&quot;confirmation_type&quot;:&quot;redirect&quot;,&quot;redirect_url&quot;:&quot;https:\\\/\\\/fincalaconcepcionmarbella.com\\\/en\\\/thank-you\\\/&quot;,&quot;field_labels&quot;:{&quot;name&quot;:&quot;&quot;,&quot;email&quot;:&quot;&quot;,&quot;phone&quot;:&quot;&quot;,&quot;date&quot;:&quot;&quot;,&quot;guests&quot;:&quot;&quot;,&quot;flexible&quot;:&quot;Is the date of the event flexible?&quot;,&quot;location&quot;:&quot;Will the ceremony take place at the venue?&quot;,&quot;agree_2&quot;:&quot;&quot;,&quot;he_leido_en_2&quot;:&quot;I have read and accept the Privacy Policy&quot;},&quot;field_logics&quot;:{&quot;name&quot;:&quot;&quot;,&quot;email&quot;:&quot;&quot;,&quot;phone&quot;:&quot;&quot;,&quot;date&quot;:&quot;&quot;,&quot;guests&quot;:&quot;&quot;,&quot;flexible&quot;:&quot;&quot;,&quot;location&quot;:&quot;&quot;,&quot;agree_2&quot;:&quot;&quot;,&quot;he_leido_en_2&quot;:&quot;&quot;,&quot;submit_2&quot;:&quot;&quot;,&quot;notice_2&quot;:&quot;&quot;},&quot;field_types&quot;:{&quot;name&quot;:&quot;text&quot;,&quot;email&quot;:&quot;email&quot;,&quot;phone&quot;:&quot;phone_number&quot;,&quot;date&quot;:&quot;date&quot;,&quot;guests&quot;:&quot;number&quot;,&quot;flexible&quot;:&quot;checkbox&quot;,&quot;location&quot;:&quot;checkbox&quot;,&quot;agree_2&quot;:&quot;consent&quot;,&quot;he_leido_en_2&quot;:&quot;consent&quot;,&quot;recaptcha_2&quot;:&quot;recaptcha&quot;,&quot;submit_2&quot;:&quot;submit&quot;,&quot;notice_2&quot;:&quot;notice&quot;},&quot;nonce_method&quot;:&quot;ajax&quot;,&quot;form_views&quot;:&quot;ajax&quot;,&quot;form_views_counting&quot;:&quot;all&quot;}\"><form action=\"https:\/\/fincalaconcepcionmarbella.com\/en\/finca-la-concepcion-events\/\" method=\"post\" class=\"fusion-form fusion-form-1691\"><div class=\"fusion-fullwidth fullwidth-box fusion-builder-row-8-1 fusion-flex-container has-pattern-background has-mask-background nonhundred-percent-fullwidth non-hundred-percent-height-scrolling\" style=\"--awb-border-radius-top-left:0px;--awb-border-radius-top-right:0px;--awb-border-radius-bottom-right:0px;--awb-border-radius-bottom-left:0px;--awb-margin-bottom:6%;--awb-margin-bottom-medium:4%;--awb-margin-bottom-small:4%;--awb-flex-wrap:wrap;\" ><div class=\"fusion-builder-row fusion-row fusion-flex-align-items-flex-start fusion-flex-content-wrap\" style=\"width:104% !important;max-width:104% !important;margin-left: calc(-4% \/ 2 );margin-right: calc(-4% \/ 2 );\"><div class=\"fusion-layout-column fusion_builder_column fusion-builder-column-15 fusion_builder_column_1_1 1_1 fusion-flex-column\" style=\"--awb-bg-size:cover;--awb-width-large:100%;--awb-flex-grow:0;--awb-flex-shrink:0;--awb-margin-top-large:0px;--awb-spacing-right-large:1.92%;--awb-margin-bottom-large:0px;--awb-spacing-left-large:1.92%;--awb-width-medium:100%;--awb-order-medium:0;--awb-flex-grow-medium:0;--awb-flex-shrink-medium:0;--awb-spacing-right-medium:1.92%;--awb-spacing-left-medium:1.92%;--awb-width-small:100%;--awb-order-small:0;--awb-flex-grow-small:0;--awb-flex-shrink-small:0;--awb-spacing-right-small:1.92%;--awb-spacing-left-small:1.92%;\"><div class=\"fusion-column-wrapper fusion-column-has-shadow fusion-flex-justify-content-flex-start fusion-content-layout-column\"><div class=\"fusion-builder-row fusion-builder-row-inner fusion-row fusion-flex-align-items-flex-start fusion-flex-content-wrap\" style=\"width:104% !important;max-width:104% !important;margin-left: calc(-4% \/ 2 );margin-right: calc(-4% \/ 2 );\"><div class=\"fusion-layout-column fusion_builder_column_inner fusion-builder-nested-column-24 fusion_builder_column_inner_1_2 1_2 fusion-flex-column\" style=\"--awb-bg-size:cover;--awb-width-large:50%;--awb-margin-top-large:0px;--awb-spacing-right-large:3.84%;--awb-margin-bottom-large:0px;--awb-spacing-left-large:3.84%;--awb-width-medium:100%;--awb-order-medium:0;--awb-spacing-right-medium:1.92%;--awb-spacing-left-medium:1.92%;--awb-width-small:100%;--awb-order-small:0;--awb-spacing-right-small:1.92%;--awb-spacing-left-small:1.92%;\"><div class=\"fusion-column-wrapper fusion-column-has-shadow fusion-flex-justify-content-flex-start fusion-content-layout-column\"><div class=\"fusion-form-field fusion-form-text-field fusion-form-label-above\" style=\"\" data-form-id=\"1691\"><input type=\"text\" autocomplete=\"off\"  data-empty-notice=\"Don't forget to fill in this field, it is necessary!\" name=\"name\" id=\"name\" value=\"\"  class=\"fusion-form-input\" required=\"true\" aria-required=\"true\" placeholder=\"Name *\" data-holds-private-data=\"false\" minlength=\"0\"\/><\/div><\/div><\/div><div class=\"fusion-layout-column fusion_builder_column_inner fusion-builder-nested-column-25 fusion_builder_column_inner_1_2 1_2 fusion-flex-column\" style=\"--awb-bg-size:cover;--awb-width-large:50%;--awb-margin-top-large:0px;--awb-spacing-right-large:3.84%;--awb-margin-bottom-large:0px;--awb-spacing-left-large:3.84%;--awb-width-medium:100%;--awb-order-medium:0;--awb-spacing-right-medium:1.92%;--awb-spacing-left-medium:1.92%;--awb-width-small:100%;--awb-order-small:0;--awb-spacing-right-small:1.92%;--awb-spacing-left-small:1.92%;\"><div class=\"fusion-column-wrapper fusion-column-has-shadow fusion-flex-justify-content-flex-start fusion-content-layout-column\"><div class=\"fusion-form-field fusion-form-email-field fusion-form-label-above\" style=\"\" data-form-id=\"1691\"><input type=\"email\" autocomplete=\"off\"  data-empty-notice=\"Don't forget to fill in this field, it is necessary!\" name=\"email\" id=\"email\" value=\"\"  class=\"fusion-form-input\" required=\"true\" aria-required=\"true\" placeholder=\"Email *\" data-holds-private-data=\"false\"\/><\/div><\/div><\/div><\/div><div class=\"fusion-builder-row fusion-builder-row-inner fusion-row fusion-flex-align-items-flex-start fusion-flex-content-wrap\" style=\"width:104% !important;max-width:104% !important;margin-left: calc(-4% \/ 2 );margin-right: calc(-4% \/ 2 );\"><div class=\"fusion-layout-column fusion_builder_column_inner fusion-builder-nested-column-26 fusion_builder_column_inner_1_2 1_2 fusion-flex-column\" style=\"--awb-bg-size:cover;--awb-width-large:50%;--awb-margin-top-large:0px;--awb-spacing-right-large:3.84%;--awb-margin-bottom-large:0px;--awb-spacing-left-large:3.84%;--awb-width-medium:100%;--awb-order-medium:0;--awb-spacing-right-medium:1.92%;--awb-spacing-left-medium:1.92%;--awb-width-small:100%;--awb-order-small:0;--awb-spacing-right-small:1.92%;--awb-spacing-left-small:1.92%;\"><div class=\"fusion-column-wrapper fusion-column-has-shadow fusion-flex-justify-content-flex-start fusion-content-layout-column\"><div class=\"fusion-form-field fusion-form-phone-number-field fusion-form-label-above\" style=\"\" data-form-id=\"1691\"><input type=\"tel\" autocomplete=\"off\"  data-empty-notice=\"Don't forget to fill in this field, it is necessary!\" name=\"phone\" id=\"phone\" value=\"\"  class=\"fusion-form-input\" required=\"true\" aria-required=\"true\" placeholder=\"Phone *\" data-holds-private-data=\"false\"\/><\/div><\/div><\/div><div class=\"fusion-layout-column fusion_builder_column_inner fusion-builder-nested-column-27 fusion_builder_column_inner_1_2 1_2 fusion-flex-column\" style=\"--awb-bg-size:cover;--awb-width-large:50%;--awb-margin-top-large:0px;--awb-spacing-right-large:3.84%;--awb-margin-bottom-large:0px;--awb-spacing-left-large:3.84%;--awb-width-medium:100%;--awb-order-medium:0;--awb-spacing-right-medium:1.92%;--awb-spacing-left-medium:1.92%;--awb-width-small:100%;--awb-order-small:0;--awb-spacing-right-small:1.92%;--awb-spacing-left-small:1.92%;\"><div class=\"fusion-column-wrapper fusion-column-has-shadow fusion-flex-justify-content-flex-start fusion-content-layout-column\"><div class=\"fusion-form-field fusion-form-date-field fusion-form-label-above\" style=\"\" data-form-id=\"1691\"><input autocomplete=\"off\" type=\"date\" data-empty-notice=\"Don&#039;t forget to fill in this field, it is necessary!\"  data-first-day=\"1\"  data-format=\"\" tabindex=\"\" id=\"date\" name=\"date\" data-type=\"custom\" value=\"\" data-holds-private-data=\"false\" class=\"fusion-form-input\" required=\"true\" aria-required=\"true\" placeholder=\"Date of the event *\"autocomplete=\"no\"\/><\/div><\/div><\/div><\/div><div class=\"fusion-builder-row fusion-builder-row-inner fusion-row fusion-flex-align-items-flex-start fusion-flex-content-wrap\" style=\"width:104% !important;max-width:104% !important;margin-left: calc(-4% \/ 2 );margin-right: calc(-4% \/ 2 );\"><div class=\"fusion-layout-column fusion_builder_column_inner fusion-builder-nested-column-28 fusion_builder_column_inner_1_2 1_2 fusion-flex-column\" style=\"--awb-bg-size:cover;--awb-width-large:50%;--awb-margin-top-large:0px;--awb-spacing-right-large:3.84%;--awb-margin-bottom-large:0px;--awb-spacing-left-large:3.84%;--awb-width-medium:100%;--awb-order-medium:0;--awb-spacing-right-medium:1.92%;--awb-spacing-left-medium:1.92%;--awb-width-small:100%;--awb-order-small:0;--awb-spacing-right-small:1.92%;--awb-spacing-left-small:1.92%;\"><div class=\"fusion-column-wrapper fusion-column-has-shadow fusion-flex-justify-content-flex-start fusion-content-layout-column\"><div class=\"fusion-form-field fusion-form-number-field fusion-form-label-above\" style=\"\" data-form-id=\"1691\"><input type=\"number\" autocomplete=\"off\"  data-invalid-notice=\"Please enter an approximate number of guests\"  data-empty-notice=\"Don't forget to fill in this field, it is necessary!\" name=\"guests\" id=\"guests\" value=\"\"  class=\"fusion-form-input\" required=\"true\" aria-required=\"true\" placeholder=\"Number of guests *\" data-holds-private-data=\"false\" min=\"0\" max=\"10000\"\/><\/div><div class=\"fusion-form-field fusion-form-checkbox-field fusion-form-label-above\" style=\"\" data-form-id=\"1691\"><fieldset data-awb-fieldset-min-required=\"1\" data-awb-fieldset-max-required=\"1\" data-awb-fieldset-error=\"Don&#039;t forget to fill in this field, it is necessary!\"><legend class=\"fusion-form-label-wrapper\"><span class=\"label\">Is the date of the event flexible? <abbr class=\"fusion-form-element-required\" title=\"Don&#039;t forget to fill in this field, it is necessary!\">*<\/abbr><\/span><\/legend><div class=\"fusion-form-checkbox option-inline\"><input data-empty-notice=\"Don't forget to fill in this field, it is necessary!\" tabindex=\"\" id=\"checkbox-flexible-3-0\" type=\"checkbox\" value=\"YES\" name=\"flexible[]\" class=\"fusion-form-input\" data-holds-private-data=\"false\"\/><label for=\"checkbox-flexible-3-0\">YES<\/label><\/div><div class=\"fusion-form-checkbox option-inline\"><input data-empty-notice=\"Don't forget to fill in this field, it is necessary!\" tabindex=\"\" id=\"checkbox-flexible-3-1\" type=\"checkbox\" value=\"NO\" name=\"flexible[]\" class=\"fusion-form-input\" data-holds-private-data=\"false\"\/><label for=\"checkbox-flexible-3-1\">NO<\/label><\/div><\/fieldset><\/div><div class=\"fusion-form-field fusion-form-checkbox-field fusion-form-label-above\" style=\"\" data-form-id=\"1691\"><fieldset data-awb-fieldset-min-required=\"1\" data-awb-fieldset-max-required=\"1\" data-awb-fieldset-error=\"Don&#039;t forget to fill in this field, it is necessary!\"><legend class=\"fusion-form-label-wrapper\"><span class=\"label\">Will the ceremony take place at the venue? <abbr class=\"fusion-form-element-required\" title=\"Don&#039;t forget to fill in this field, it is necessary!\">*<\/abbr><\/span><\/legend><div class=\"fusion-form-checkbox option-inline\"><input data-empty-notice=\"Don't forget to fill in this field, it is necessary!\" tabindex=\"\" id=\"checkbox-location-4-0\" type=\"checkbox\" value=\"YES\" name=\"location[]\" class=\"fusion-form-input\" data-holds-private-data=\"false\"\/><label for=\"checkbox-location-4-0\">YES<\/label><\/div><div class=\"fusion-form-checkbox option-inline\"><input data-empty-notice=\"Don't forget to fill in this field, it is necessary!\" tabindex=\"\" id=\"checkbox-location-4-1\" type=\"checkbox\" value=\"NO\" name=\"location[]\" class=\"fusion-form-input\" data-holds-private-data=\"false\"\/><label for=\"checkbox-location-4-1\">NO<\/label><\/div><\/fieldset><\/div><div class=\"fusion-form-field fusion-form-consent-field fusion-form-label-above\" style=\"\" data-form-id=\"1691\"><div class=\"fusion-form-checkbox option-inline\"><input tabindex=\"\" id=\"agree_2\" type=\"checkbox\" value=\"1\" name=\"agree_2\" class=\"fusion-form-input\"\/><label for=\"agree_2\">I agree to the use of my details for information purposes (optional)<\/label><\/div><\/div><\/div><\/div><div class=\"fusion-layout-column fusion_builder_column_inner fusion-builder-nested-column-29 fusion_builder_column_inner_1_2 1_2 fusion-flex-column\" style=\"--awb-bg-size:cover;--awb-width-large:50%;--awb-margin-top-large:0px;--awb-spacing-right-large:3.84%;--awb-margin-bottom-large:0px;--awb-spacing-left-large:3.84%;--awb-width-medium:100%;--awb-order-medium:0;--awb-spacing-right-medium:1.92%;--awb-spacing-left-medium:1.92%;--awb-width-small:100%;--awb-order-small:0;--awb-spacing-right-small:1.92%;--awb-spacing-left-small:1.92%;\"><div class=\"fusion-column-wrapper fusion-column-has-shadow fusion-flex-justify-content-flex-start fusion-content-layout-column\"><div class=\"fusion-form-field fusion-form-consent-field fusion-form-label-above\" style=\"\" data-form-id=\"1691\"><div class=\"fusion-form-label-wrapper\"><label for=\"he_leido_en_2\">I have read and accept the Privacy Policy <abbr class=\"fusion-form-element-required\" title=\"required\">*<\/abbr><\/label><\/div><div class=\"fusion-form-checkbox option-inline\"><input tabindex=\"\" id=\"he_leido_en_2\" type=\"checkbox\" value=\"1\" name=\"he_leido_en_2\" class=\"fusion-form-input\" required=\"true\" aria-required=\"true\"\/><label for=\"he_leido_en_2\">Your data will be processed by Todoinmuebles Ionass S.L. for the sole purpose of responding to your query or request. They will not be transferred to any third party. Our retention period, if you are not a customer, is 1 year. You can exercise your rights of access, rectification, opposition, deletion, portability, limitation and not to be subject to automated decisions in our mail info@fincalaconcepcionmarbella.com. You can find more information about data processing in our\u00a0<a href=\"https:\/\/fincalaconcepcionmarbella.com\/en\/aviso-proteccion-cookies\/\"><strong>Pol\u00edtica de privacidad<\/strong><\/a>.<\/label><\/div><\/div><\/div><\/div><\/div><div class=\"fusion-form-field fusion-form-recaptcha-field fusion-form-label-above\" style=\"\" data-form-id=\"1691\">\t\t\t\t<div class=\"form-creator-recaptcha\" >\n\t\t\t\t\t\t\t\t\t\t\t\t\t\t\t\t\t\t\t\t\t\t\t\t<div\n\t\t\t\t\t\t\tid=\"g-recaptcha-id-form-1691\"\n\t\t\t\t\t\t\tclass=\"fusion-form-recaptcha-v3 recaptcha-container  fusion-form-hide-recaptcha-badge\"\n\t\t\t\t\t\t\tdata-sitekey=\"6Lc4HUseAAAAAP0yQg30jIhavRCfOzbxTP3ayBkY\"\n\t\t\t\t\t\t\tdata-badge=\"hide\">\n\t\t\t\t\t\t<\/div>\n\t\t\t\t\t\t<input\n\t\t\t\t\t\t\ttype=\"hidden\"\n\t\t\t\t\t\t\tname=\"fusion-form-recaptcha-response\"\n\t\t\t\t\t\t\tclass=\"g-recaptcha-response\"\n\t\t\t\t\t\t\tid=\"fusion-form-recaptcha-response-1691\"\n\t\t\t\t\t\t\tvalue=\"\">\n\t\t\t\t\t\t\t\t\t\t\t\t\t\t\t<\/div>\n\t\t\t\t<\/div><div class=\"fusion-form-field fusion-form-submit-field fusion-form-label-above\" style=\"\" data-form-id=\"1691\"><div style=\"text-align:center;\"><button type=\"submit\" class=\"fusion-button button-flat fusion-button-default-size button-default fusion-button-default button-3 fusion-button-default-span  button-default form-form-submit\" style=\"width:calc(100%);\" data-form-number=\"1691\" tabindex=\"\"><span class=\"fusion-button-text awb-button__text awb-button__text--default\">Send request<\/span><\/button><\/div><\/div><div class=\"form-submission-notices data-notice_2\" id=\"fusion-notices-2\"><div class=\"fusion-alert alert success alert-success fusion-alert-center fusion-form-response fusion-form-response-success fusion-alert-capitalize awb-alert-native-link-color alert-dismissable awb-alert-close-boxed\" style=\"--awb-margin-top:2%;--awb-margin-right:2%;--awb-margin-bottom:2%;--awb-margin-left:2%;\" role=\"alert\"><div class=\"fusion-alert-content-wrapper\"><span class=\"alert-icon\"><i class=\"awb-icon-check-circle\" aria-hidden=\"true\"><\/i><\/span><span class=\"fusion-alert-content\">Thank you for your message. It has been sent.<\/span><\/div><button type=\"button\" class=\"close toggle-alert\" data-dismiss=\"alert\" aria-label=\"Close\">&times;<\/button><\/div><div class=\"fusion-alert alert error alert-danger fusion-alert-center fusion-form-response fusion-form-response-error fusion-alert-capitalize awb-alert-native-link-color alert-dismissable awb-alert-close-boxed\" style=\"--awb-margin-top:2%;--awb-margin-right:2%;--awb-margin-bottom:2%;--awb-margin-left:2%;\" role=\"alert\"><div class=\"fusion-alert-content-wrapper\"><span class=\"alert-icon\"><i class=\"awb-icon-exclamation-triangle\" aria-hidden=\"true\"><\/i><\/span><span class=\"fusion-alert-content\">An error occurred while trying to send your message. Please try again later.<\/span><\/div><button type=\"button\" class=\"close toggle-alert\" data-dismiss=\"alert\" aria-label=\"Close\">&times;<\/button><\/div><\/div><\/div><\/div><\/div><\/div><input type=\"hidden\" name=\"fusion_privacy_store_ip_ua\" value=\"false\"><input type=\"hidden\" name=\"fusion_privacy_expiration_interval\" value=\"48\"><input type=\"hidden\" name=\"privacy_expiration_action\" value=\"anonymize\"><\/form><\/div><\/div><\/div><\/div><\/div><\/p>\n","protected":false},"excerpt":{"rendered":"","protected":false},"author":1,"featured_media":1403,"parent":0,"menu_order":0,"comment_status":"closed","ping_status":"closed","template":"100-width.php","meta":{"_joinchat":[],"footnotes":""},"class_list":["post-1680","page","type-page","status-publish","has-post-thumbnail","hentry"],"yoast_head":"<!-- This site is optimized with the Yoast SEO plugin v26.4 - https:\/\/yoast.com\/wordpress\/plugins\/seo\/ -->\n<title>Finca La Concepci\u00f3n Events - Finca La Concepci\u00f3n<\/title>\n<meta name=\"description\" content=\"A unique space for exclusive celebrations and events in Marbella. Private and social events, special meetings, shows and celebrations.\" \/>\n<meta name=\"robots\" content=\"index, follow, max-snippet:-1, max-image-preview:large, max-video-preview:-1\" \/>\n<link rel=\"canonical\" href=\"https:\/\/fincalaconcepcionmarbella.com\/en\/finca-la-concepcion-events\/\" \/>\n<meta property=\"og:locale\" content=\"en_US\" \/>\n<meta property=\"og:type\" content=\"article\" \/>\n<meta property=\"og:title\" content=\"Finca La Concepci\u00f3n Events - Finca La Concepci\u00f3n\" \/>\n<meta property=\"og:description\" content=\"A unique space for exclusive celebrations and events in Marbella. Private and social events, special meetings, shows and celebrations.\" \/>\n<meta property=\"og:url\" content=\"https:\/\/fincalaconcepcionmarbella.com\/en\/finca-la-concepcion-events\/\" \/>\n<meta property=\"og:site_name\" content=\"Finca La Concepci\u00f3n\" \/>\n<meta property=\"article:publisher\" content=\"https:\/\/www.facebook.com\/laconcepcionfinca\/\" \/>\n<meta property=\"article:modified_time\" content=\"2025-03-20T09:21:38+00:00\" \/>\n<meta property=\"og:image\" content=\"https:\/\/fincalaconcepcionmarbella.com\/24cpanel\/wp-content\/uploads\/2024\/12\/imagen-de-sitio.jpg\" \/>\n\t<meta property=\"og:image:width\" content=\"1200\" \/>\n\t<meta property=\"og:image:height\" content=\"676\" \/>\n\t<meta property=\"og:image:type\" content=\"image\/jpeg\" \/>\n<meta name=\"twitter:card\" content=\"summary_large_image\" \/>\n<meta name=\"twitter:label1\" content=\"Est. reading time\" \/>\n\t<meta name=\"twitter:data1\" content=\"11 minutes\" \/>\n<script type=\"application\/ld+json\" class=\"yoast-schema-graph\">{\"@context\":\"https:\/\/schema.org\",\"@graph\":[{\"@type\":\"WebPage\",\"@id\":\"https:\/\/fincalaconcepcionmarbella.com\/en\/finca-la-concepcion-events\/\",\"url\":\"https:\/\/fincalaconcepcionmarbella.com\/en\/finca-la-concepcion-events\/\",\"name\":\"Finca La Concepci\u00f3n Events - Finca La Concepci\u00f3n\",\"isPartOf\":{\"@id\":\"https:\/\/fincalaconcepcionmarbella.com\/#website\"},\"primaryImageOfPage\":{\"@id\":\"https:\/\/fincalaconcepcionmarbella.com\/en\/finca-la-concepcion-events\/#primaryimage\"},\"image\":{\"@id\":\"https:\/\/fincalaconcepcionmarbella.com\/en\/finca-la-concepcion-events\/#primaryimage\"},\"thumbnailUrl\":\"https:\/\/fincalaconcepcionmarbella.com\/24cpanel\/wp-content\/uploads\/2024\/12\/imagen-de-sitio.jpg\",\"datePublished\":\"2025-03-07T15:28:08+00:00\",\"dateModified\":\"2025-03-20T09:21:38+00:00\",\"description\":\"A unique space for exclusive celebrations and events in Marbella. Private and social events, special meetings, shows and celebrations.\",\"breadcrumb\":{\"@id\":\"https:\/\/fincalaconcepcionmarbella.com\/en\/finca-la-concepcion-events\/#breadcrumb\"},\"inLanguage\":\"en-US\",\"potentialAction\":[{\"@type\":\"ReadAction\",\"target\":[\"https:\/\/fincalaconcepcionmarbella.com\/en\/finca-la-concepcion-events\/\"]}]},{\"@type\":\"ImageObject\",\"inLanguage\":\"en-US\",\"@id\":\"https:\/\/fincalaconcepcionmarbella.com\/en\/finca-la-concepcion-events\/#primaryimage\",\"url\":\"https:\/\/fincalaconcepcionmarbella.com\/24cpanel\/wp-content\/uploads\/2024\/12\/imagen-de-sitio.jpg\",\"contentUrl\":\"https:\/\/fincalaconcepcionmarbella.com\/24cpanel\/wp-content\/uploads\/2024\/12\/imagen-de-sitio.jpg\",\"width\":1200,\"height\":676},{\"@type\":\"BreadcrumbList\",\"@id\":\"https:\/\/fincalaconcepcionmarbella.com\/en\/finca-la-concepcion-events\/#breadcrumb\",\"itemListElement\":[{\"@type\":\"ListItem\",\"position\":1,\"name\":\"Portada\",\"item\":\"https:\/\/fincalaconcepcionmarbella.com\/en\/finca-la-concepcion-inicio\/\"},{\"@type\":\"ListItem\",\"position\":2,\"name\":\"Finca La Concepci\u00f3n Events\"}]},{\"@type\":\"WebSite\",\"@id\":\"https:\/\/fincalaconcepcionmarbella.com\/#website\",\"url\":\"https:\/\/fincalaconcepcionmarbella.com\/\",\"name\":\"Finca La Concepci\u00f3n\",\"description\":\"El lugar perfecto para la celebraci\u00f3n de Bodas y Eventos en la Costa del Sol, Marbella, M\u00e1laga\",\"publisher\":{\"@id\":\"https:\/\/fincalaconcepcionmarbella.com\/#organization\"},\"alternateName\":\"La Concepci\u00f3n\",\"potentialAction\":[{\"@type\":\"SearchAction\",\"target\":{\"@type\":\"EntryPoint\",\"urlTemplate\":\"https:\/\/fincalaconcepcionmarbella.com\/?s={search_term_string}\"},\"query-input\":{\"@type\":\"PropertyValueSpecification\",\"valueRequired\":true,\"valueName\":\"search_term_string\"}}],\"inLanguage\":\"en-US\"},{\"@type\":\"Organization\",\"@id\":\"https:\/\/fincalaconcepcionmarbella.com\/#organization\",\"name\":\"Finca La Concepci\u00f3n\",\"alternateName\":\"La Concepci\u00f3n\",\"url\":\"https:\/\/fincalaconcepcionmarbella.com\/\",\"logo\":{\"@type\":\"ImageObject\",\"inLanguage\":\"en-US\",\"@id\":\"https:\/\/fincalaconcepcionmarbella.com\/#\/schema\/logo\/image\/\",\"url\":\"https:\/\/fincalaconcepcionmarbella.com\/24cpanel\/wp-content\/uploads\/2024\/12\/logo-organizacion.jpg\",\"contentUrl\":\"https:\/\/fincalaconcepcionmarbella.com\/24cpanel\/wp-content\/uploads\/2024\/12\/logo-organizacion.jpg\",\"width\":696,\"height\":696,\"caption\":\"Finca La Concepci\u00f3n\"},\"image\":{\"@id\":\"https:\/\/fincalaconcepcionmarbella.com\/#\/schema\/logo\/image\/\"},\"sameAs\":[\"https:\/\/www.facebook.com\/laconcepcionfinca\/\",\"https:\/\/www.instagram.com\/fincalaconcepcionmarbella\/?hl=es\",\"https:\/\/es.pinterest.com\/FincaConcepcionmarbella\/\"]}]}<\/script>\n<!-- \/ Yoast SEO plugin. -->","yoast_head_json":{"title":"Finca La Concepci\u00f3n Events - Finca La Concepci\u00f3n","description":"A unique space for exclusive celebrations and events in Marbella. Private and social events, special meetings, shows and celebrations.","robots":{"index":"index","follow":"follow","max-snippet":"max-snippet:-1","max-image-preview":"max-image-preview:large","max-video-preview":"max-video-preview:-1"},"canonical":"https:\/\/fincalaconcepcionmarbella.com\/en\/finca-la-concepcion-events\/","og_locale":"en_US","og_type":"article","og_title":"Finca La Concepci\u00f3n Events - Finca La Concepci\u00f3n","og_description":"A unique space for exclusive celebrations and events in Marbella. Private and social events, special meetings, shows and celebrations.","og_url":"https:\/\/fincalaconcepcionmarbella.com\/en\/finca-la-concepcion-events\/","og_site_name":"Finca La Concepci\u00f3n","article_publisher":"https:\/\/www.facebook.com\/laconcepcionfinca\/","article_modified_time":"2025-03-20T09:21:38+00:00","og_image":[{"width":1200,"height":676,"url":"https:\/\/fincalaconcepcionmarbella.com\/24cpanel\/wp-content\/uploads\/2024\/12\/imagen-de-sitio.jpg","type":"image\/jpeg"}],"twitter_card":"summary_large_image","twitter_misc":{"Est. reading time":"11 minutes"},"schema":{"@context":"https:\/\/schema.org","@graph":[{"@type":"WebPage","@id":"https:\/\/fincalaconcepcionmarbella.com\/en\/finca-la-concepcion-events\/","url":"https:\/\/fincalaconcepcionmarbella.com\/en\/finca-la-concepcion-events\/","name":"Finca La Concepci\u00f3n Events - Finca La Concepci\u00f3n","isPartOf":{"@id":"https:\/\/fincalaconcepcionmarbella.com\/#website"},"primaryImageOfPage":{"@id":"https:\/\/fincalaconcepcionmarbella.com\/en\/finca-la-concepcion-events\/#primaryimage"},"image":{"@id":"https:\/\/fincalaconcepcionmarbella.com\/en\/finca-la-concepcion-events\/#primaryimage"},"thumbnailUrl":"https:\/\/fincalaconcepcionmarbella.com\/24cpanel\/wp-content\/uploads\/2024\/12\/imagen-de-sitio.jpg","datePublished":"2025-03-07T15:28:08+00:00","dateModified":"2025-03-20T09:21:38+00:00","description":"A unique space for exclusive celebrations and events in Marbella. Private and social events, special meetings, shows and celebrations.","breadcrumb":{"@id":"https:\/\/fincalaconcepcionmarbella.com\/en\/finca-la-concepcion-events\/#breadcrumb"},"inLanguage":"en-US","potentialAction":[{"@type":"ReadAction","target":["https:\/\/fincalaconcepcionmarbella.com\/en\/finca-la-concepcion-events\/"]}]},{"@type":"ImageObject","inLanguage":"en-US","@id":"https:\/\/fincalaconcepcionmarbella.com\/en\/finca-la-concepcion-events\/#primaryimage","url":"https:\/\/fincalaconcepcionmarbella.com\/24cpanel\/wp-content\/uploads\/2024\/12\/imagen-de-sitio.jpg","contentUrl":"https:\/\/fincalaconcepcionmarbella.com\/24cpanel\/wp-content\/uploads\/2024\/12\/imagen-de-sitio.jpg","width":1200,"height":676},{"@type":"BreadcrumbList","@id":"https:\/\/fincalaconcepcionmarbella.com\/en\/finca-la-concepcion-events\/#breadcrumb","itemListElement":[{"@type":"ListItem","position":1,"name":"Portada","item":"https:\/\/fincalaconcepcionmarbella.com\/en\/finca-la-concepcion-inicio\/"},{"@type":"ListItem","position":2,"name":"Finca La Concepci\u00f3n Events"}]},{"@type":"WebSite","@id":"https:\/\/fincalaconcepcionmarbella.com\/#website","url":"https:\/\/fincalaconcepcionmarbella.com\/","name":"Finca La Concepci\u00f3n","description":"El lugar perfecto para la celebraci\u00f3n de Bodas y Eventos en la Costa del Sol, Marbella, M\u00e1laga","publisher":{"@id":"https:\/\/fincalaconcepcionmarbella.com\/#organization"},"alternateName":"La Concepci\u00f3n","potentialAction":[{"@type":"SearchAction","target":{"@type":"EntryPoint","urlTemplate":"https:\/\/fincalaconcepcionmarbella.com\/?s={search_term_string}"},"query-input":{"@type":"PropertyValueSpecification","valueRequired":true,"valueName":"search_term_string"}}],"inLanguage":"en-US"},{"@type":"Organization","@id":"https:\/\/fincalaconcepcionmarbella.com\/#organization","name":"Finca La Concepci\u00f3n","alternateName":"La Concepci\u00f3n","url":"https:\/\/fincalaconcepcionmarbella.com\/","logo":{"@type":"ImageObject","inLanguage":"en-US","@id":"https:\/\/fincalaconcepcionmarbella.com\/#\/schema\/logo\/image\/","url":"https:\/\/fincalaconcepcionmarbella.com\/24cpanel\/wp-content\/uploads\/2024\/12\/logo-organizacion.jpg","contentUrl":"https:\/\/fincalaconcepcionmarbella.com\/24cpanel\/wp-content\/uploads\/2024\/12\/logo-organizacion.jpg","width":696,"height":696,"caption":"Finca La Concepci\u00f3n"},"image":{"@id":"https:\/\/fincalaconcepcionmarbella.com\/#\/schema\/logo\/image\/"},"sameAs":["https:\/\/www.facebook.com\/laconcepcionfinca\/","https:\/\/www.instagram.com\/fincalaconcepcionmarbella\/?hl=es","https:\/\/es.pinterest.com\/FincaConcepcionmarbella\/"]}]}},"_links":{"self":[{"href":"https:\/\/fincalaconcepcionmarbella.com\/en\/wp-json\/wp\/v2\/pages\/1680","targetHints":{"allow":["GET"]}}],"collection":[{"href":"https:\/\/fincalaconcepcionmarbella.com\/en\/wp-json\/wp\/v2\/pages"}],"about":[{"href":"https:\/\/fincalaconcepcionmarbella.com\/en\/wp-json\/wp\/v2\/types\/page"}],"author":[{"embeddable":true,"href":"https:\/\/fincalaconcepcionmarbella.com\/en\/wp-json\/wp\/v2\/users\/1"}],"replies":[{"embeddable":true,"href":"https:\/\/fincalaconcepcionmarbella.com\/en\/wp-json\/wp\/v2\/comments?post=1680"}],"version-history":[{"count":6,"href":"https:\/\/fincalaconcepcionmarbella.com\/en\/wp-json\/wp\/v2\/pages\/1680\/revisions"}],"predecessor-version":[{"id":1707,"href":"https:\/\/fincalaconcepcionmarbella.com\/en\/wp-json\/wp\/v2\/pages\/1680\/revisions\/1707"}],"wp:featuredmedia":[{"embeddable":true,"href":"https:\/\/fincalaconcepcionmarbella.com\/en\/wp-json\/wp\/v2\/media\/1403"}],"wp:attachment":[{"href":"https:\/\/fincalaconcepcionmarbella.com\/en\/wp-json\/wp\/v2\/media?parent=1680"}],"curies":[{"name":"wp","href":"https:\/\/api.w.org\/{rel}","templated":true}]}}